{"id":28606,"date":"2019-10-31T17:19:58","date_gmt":"2019-10-31T16:19:58","guid":{"rendered":"https:\/\/rebotherm.de\/sobre-nosotros\/"},"modified":"2026-04-12T18:49:08","modified_gmt":"2026-04-12T16:49:08","slug":"sobre-nosotros","status":"publish","type":"page","link":"https:\/\/rebotherm.de\/es\/sobre-nosotros\/","title":{"rendered":"Sobre nosotros"},"content":{"rendered":"<p><div class=\"et_d4_element et_pb_section et_pb_section_0  et_pb_css_mix_blend_mode et_section_regular section_has_divider et_pb_bottom_divider et_block_section\" >\n\t\t\t\t\n\t\t\t\t\n\t\t\t\t\n\t\t\t\t\n\t\t\t\t\n\t\t\t\t\n\t\t\t\t<div class=\"et_d4_element et_pb_row et_pb_row_0  et_pb_css_mix_blend_mode et_block_row\">\n\t\t\t\t<div class=\"et_d4_element et_pb_column_4_4 et_pb_column et_pb_column_0  et_pb_css_mix_blend_mode et-last-child et_block_column\">\n\t\t\t\t\n\t\t\t\t\n\t\t\t\t\n\t\t\t\t\n\t\t\t\t<div class=\"et_pb_module et_d4_element et_pb_text et_pb_text_0  et_pb_text_align_left et_pb_bg_layout_light\">\n\t\t\t\t\n\t\t\t\t\n\t\t\t\t\n\t\t\t\t\n\t\t\t\t<div class=\"et_pb_text_inner\"><p style=\"text-align: center;\"><em>\"\u00a1Calienta de forma sostenible con carbono y ahorra recursos!\"<\/em><\/p><\/div>\n\t\t\t<\/div><div class=\"et_pb_module et_d4_element et_pb_text et_pb_text_1  et_pb_text_align_left et_pb_bg_layout_light\">\n\t\t\t\t\n\t\t\t\t\n\t\t\t\t\n\t\t\t\t\n\t\t\t\t<div class=\"et_pb_text_inner\"><h1 style=\"text-align: center;\">La misi\u00f3n Rebotherm<\/h1><\/div>\n\t\t\t<\/div>\n\t\t\t<\/div>\n\t\t\t\t\n\t\t\t\t\n\t\t\t\t\n\t\t\t\t\n\t\t\t<\/div>\n\t\t\t\t\n\t\t\t\t<div class=\"et_pb_bottom_inside_divider et-no-transition\"><\/div>\n\t\t\t<\/div><div class=\"et_d4_element et_pb_section et_pb_section_1  et_pb_css_mix_blend_mode et_section_regular et_block_section\" >\n\t\t\t\t\n\t\t\t\t\n\t\t\t\t\n\t\t\t\t\n\t\t\t\t\n\t\t\t\t\n\t\t\t\t<div class=\"et_d4_element et_pb_row et_pb_row_1  et_pb_css_mix_blend_mode et_block_row\">\n\t\t\t\t<div class=\"et_d4_element et_pb_column_1_2 et_pb_column et_pb_column_1  et_pb_css_mix_blend_mode et_block_column\">\n\t\t\t\t\n\t\t\t\t\n\t\t\t\t\n\t\t\t\t\n\t\t\t\t<div class=\"et_pb_module et_d4_element et_pb_image et_pb_image_0\">\n\t\t\t\t\n\t\t\t\t\n\t\t\t\t\n\t\t\t\t\n\t\t\t\t<span class=\"et_pb_image_wrap has-box-shadow-overlay\"><div class=\"box-shadow-overlay\"><\/div><img decoding=\"async\" width=\"450\" height=\"563\" src=\"https:\/\/rebotherm.de\/wp-content\/uploads\/2024\/05\/rebotherm-innendaemmung.png\" alt=\"Sistema de calefacci\u00f3n de carbono con pintura calefactora \" title=\"aislamiento interior rebotherm\" srcset=\"https:\/\/rebotherm.de\/wp-content\/uploads\/2024\/05\/rebotherm-innendaemmung.png 450w, https:\/\/rebotherm.de\/wp-content\/uploads\/2024\/05\/rebotherm-innendaemmung-240x300.png 240w, https:\/\/rebotherm.de\/wp-content\/uploads\/2024\/05\/rebotherm-innendaemmung-120x150.png 120w\" sizes=\"(max-width: 450px) 100vw, 450px\" class=\"wp-image-27488\" \/><\/span>\n\t\t\t<\/div><div class=\"et_pb_module et_d4_element et_pb_text et_pb_text_2  et_pb_text_align_left et_pb_bg_layout_light\">\n\t\t\t\t\n\t\t\t\t\n\t\t\t\t\n\t\t\t\t\n\t\t\t\t<div class=\"et_pb_text_inner\"><p style=\"text-align: center;\"><i>Calefacci\u00f3n durante el proceso de instalaci\u00f3n.<br \/>Despu\u00e9s, no se ver\u00e1 nada de esto.<\/i><\/p><\/div>\n\t\t\t<\/div><div class=\"et_pb_module et_d4_element et_pb_image et_pb_image_1\">\n\t\t\t\t\n\t\t\t\t\n\t\t\t\t\n\t\t\t\t\n\t\t\t\t<span class=\"et_pb_image_wrap has-box-shadow-overlay\"><div class=\"box-shadow-overlay\"><\/div><img decoding=\"async\" width=\"3000\" height=\"2000\" src=\"https:\/\/rebotherm.de\/wp-content\/uploads\/2023\/01\/Infrarot-Deckenheizung-Rasterdecke-scaled.jpg\" alt=\"Miembro del equipo instalando un sistema de calefacci\u00f3n de carbono\" title=\"Un miembro del equipo instala la calefacci\u00f3n del techo\" srcset=\"https:\/\/rebotherm.de\/wp-content\/uploads\/2023\/01\/Infrarot-Deckenheizung-Rasterdecke-scaled.jpg 3000w, https:\/\/rebotherm.de\/wp-content\/uploads\/2023\/01\/Infrarot-Deckenheizung-Rasterdecke-1280x853.jpg 1280w, https:\/\/rebotherm.de\/wp-content\/uploads\/2023\/01\/Infrarot-Deckenheizung-Rasterdecke-980x653.jpg 980w, https:\/\/rebotherm.de\/wp-content\/uploads\/2023\/01\/Infrarot-Deckenheizung-Rasterdecke-480x320.jpg 480w\" sizes=\"(min-width: 0px) and (max-width: 480px) 480px, (min-width: 481px) and (max-width: 980px) 980px, (min-width: 981px) and (max-width: 1280px) 1280px, (min-width: 1281px) 3000px, 100vw\" class=\"wp-image-27125\" \/><\/span>\n\t\t\t<\/div><div class=\"et_pb_module et_d4_element et_pb_text et_pb_text_3  et_pb_text_align_left et_pb_bg_layout_light\">\n\t\t\t\t\n\t\t\t\t\n\t\t\t\t\n\t\t\t\t\n\t\t\t\t<div class=\"et_pb_text_inner\"><p> Instalaci\u00f3n de un sistema de calefacci\u00f3n de carbono en un falso techo<\/p><\/div>\n\t\t\t<\/div>\n\t\t\t<\/div><div class=\"et_d4_element et_pb_column_1_2 et_pb_column et_pb_column_2  et_pb_css_mix_blend_mode et-last-child et_block_column\">\n\t\t\t\t\n\t\t\t\t\n\t\t\t\t\n\t\t\t\t\n\t\t\t\t<div class=\"et_pb_module et_d4_element et_pb_text et_pb_text_4  et_pb_text_align_left et_pb_bg_layout_light\">\n\t\t\t\t\n\t\t\t\t\n\t\t\t\t\n\t\t\t\t\n\t\t\t\t<div class=\"et_pb_text_inner\"><p>La historia de la fundaci\u00f3n de Rebotherm.<\/p><\/div>\n\t\t\t<\/div><div class=\"et_pb_module et_d4_element et_pb_text et_pb_text_5  et_pb_text_align_left et_pb_bg_layout_light\">\n\t\t\t\t\n\t\t\t\t\n\t\t\t\t\n\t\t\t\t\n\t\t\t\t<div class=\"et_pb_text_inner\"><p>Sistemas de calefacci\u00f3n de carbono modernos y sostenibles desde 2011.<\/p><\/div>\n\t\t\t<\/div><div class=\"et_pb_module et_d4_element et_pb_text et_pb_text_6  et_pb_text_align_left et_pb_bg_layout_light\">\n\t\t\t\t\n\t\t\t\t\n\t\t\t\t\n\t\t\t\t\n\t\t\t\t<div class=\"et_pb_text_inner\"><h3 data-start=\"672\" data-end=\"757\"><strong data-start=\"676\" data-end=\"757\">La creaci\u00f3n de Rebotherm Energy: moderna tecnolog\u00eda de calefacci\u00f3n y aislamiento desde 2011<\/strong><\/h3>\n<p data-start=\"759\" data-end=\"1177\">La historia de Rebotherm Energy comienza en 2011, cuando su fundador, <strong data-start=\"829\" data-end=\"849\">Udo Reifschl\u00e4ger<\/strong>, sent\u00f3 las bases de una empresa que hoy es sin\u00f3nimo de soluciones de calefacci\u00f3n innovadoras y tecnolog\u00eda de construcci\u00f3n sostenible. Lo que entonces comenz\u00f3 con la venta e instalaci\u00f3n de aislamientos modernos, as\u00ed como una pintura t\u00e9rmica revolucionaria para la \u00e9poca, se convirti\u00f3 r\u00e1pidamente en un centro de competencia l\u00edder en calefacci\u00f3n energ\u00e9ticamente eficiente. <\/p>\n<p data-start=\"1179\" data-end=\"1670\">El hito decisivo se produjo en 2014: Rebotherm incorpor\u00f3 los primeros <strong data-start=\"1256\" data-end=\"1278\">sistemas de calefacci\u00f3n de carbono<\/strong> a su gama de servicios. Esta tecnolog\u00eda estaba entonces muy adelantada a su tiempo y al principio gener\u00f3 escepticismo, tanto entre los expertos como entre los clientes finales. Pero la valent\u00eda de explorar nuevos caminos dio sus frutos. La calefacci\u00f3n de carbono demostr\u00f3 ser una forma extremadamente fiable, eficiente y duradera de calefacci\u00f3n el\u00e9ctrica, y sigue siendo un componente central de nuestra oferta.   <\/p>\n<p data-start=\"1672\" data-end=\"2079\">Desde entonces, Rebotherm Energy ha ampliado continuamente su cartera y combina <strong data-start=\"1752\" data-end=\"1774\">sistemas de calefacci\u00f3n de carbono<\/strong>, <strong data-start=\"1776\" data-end=\"1807\">tecnolog\u00edas de aislamiento innovadoras<\/strong>, <strong data-start=\"1809\" data-end=\"1832\">sistemas de calefacci\u00f3n por infrarrojos<\/strong> y soluciones para la <strong data-start=\"1850\" data-end=\"1877\">rehabilitaci\u00f3n energ\u00e9tica<\/strong> en un concepto integral. Nuestro objetivo es dise\u00f1ar edificios de forma sostenible, energ\u00e9ticamente eficiente y preparada para el futuro, para hogares particulares, empresas y proyectos de rehabilitaci\u00f3n de cualquier envergadura. <\/p>\n<p data-start=\"2081\" data-end=\"2394\">Hoy en d\u00eda, Rebotherm Energy es sin\u00f3nimo de productos de alta calidad, asesoramiento experto y m\u00e1s de 10 a\u00f1os de experiencia en el campo de la moderna tecnolog\u00eda de calefacci\u00f3n y aislamiento. Nuestro objetivo sigue siendo el mismo: soluciones inteligentes que ahorren energ\u00eda, protejan el medio ambiente y ofrezcan a nuestros clientes calor, seguridad y confort a largo plazo. <\/p><\/div>\n\t\t\t<\/div>\n\t\t\t<\/div>\n\t\t\t\t\n\t\t\t\t\n\t\t\t\t\n\t\t\t\t\n\t\t\t<\/div>\n\t\t\t\t\n\t\t\t\t\n\t\t\t<\/div><div class=\"et_d4_element et_pb_section et_pb_section_2 et_pb_with_background  et_pb_css_mix_blend_mode et_section_regular section_has_divider et_pb_bottom_divider et_pb_top_divider et_block_section\" >\n\t\t\t\t<div class=\"et_pb_top_inside_divider et-no-transition\"><\/div>\n\t\t\t\t\n\t\t\t\t\n\t\t\t\t\n\t\t\t\t\n\t\t\t\t\n\t\t\t\t<div class=\"et_d4_element et_pb_row et_pb_row_2  et_pb_css_mix_blend_mode et_block_row\">\n\t\t\t\t<div class=\"et_d4_element et_pb_column_4_4 et_pb_column et_pb_column_3  et_pb_css_mix_blend_mode et-last-child et_block_column\">\n\t\t\t\t\n\t\t\t\t\n\t\t\t\t\n\t\t\t\t\n\t\t\t\t<div class=\"et_pb_module et_d4_element et_pb_text et_pb_text_7  et_pb_text_align_left et_pb_bg_layout_light\">\n\t\t\t\t\n\t\t\t\t\n\t\t\t\t\n\t\t\t\t\n\t\t\t\t<div class=\"et_pb_text_inner\"><p style=\"text-align: center;\">\u00bfPara qui\u00e9n son adecuados nuestros sistemas de calefacci\u00f3n de carbono?<\/p><\/div>\n\t\t\t<\/div><div class=\"et_pb_module et_d4_element et_pb_blurb et_pb_blurb_0  et_pb_text_align_left  et_pb_blurb_position_left et_block_module et_pb_bg_layout_light et_pb_blurb_position_left_tablet et_pb_blurb_position_left_phone\">\n\t\t\t\t\n\t\t\t\t\n\t\t\t\t\n\t\t\t\t\n\t\t\t\t<div class=\"et_pb_blurb_content\">\n\t\t\t\t\t<div class=\"et_pb_main_blurb_image et_pb_css_mix_blend_mode\"><span class=\"et_pb_image_wrap\"><span class=\"et-waypoint et_pb_animation_top et_pb_animation_top_tablet et_pb_animation_top_phone et-pb-icon\">\ue052<\/span><\/span><\/div>\n\t\t\t\t\t<div class=\"et_pb_blurb_container\">\n\t\t\t\t\t\t\n\t\t\t\t\t\t<div class=\"et_pb_blurb_description\"><p><span style=\"font-weight: 400;\">Para particulares con un condominio o una vivienda propia que quieran hacer realidad su sue\u00f1o de un entorno vital moderno, sostenible y con estilo.<\/span><\/p><\/div>\n\t\t\t\t\t<\/div>\n\t\t\t\t<\/div>\n\t\t\t<\/div><div class=\"et_pb_module et_d4_element et_pb_blurb et_pb_blurb_1  et_pb_text_align_left  et_pb_blurb_position_left et_block_module et_pb_bg_layout_light et_pb_blurb_position_left_tablet et_pb_blurb_position_left_phone\">\n\t\t\t\t\n\t\t\t\t\n\t\t\t\t\n\t\t\t\t\n\t\t\t\t<div class=\"et_pb_blurb_content\">\n\t\t\t\t\t<div class=\"et_pb_main_blurb_image et_pb_css_mix_blend_mode\"><span class=\"et_pb_image_wrap\"><span class=\"et-waypoint et_pb_animation_top et_pb_animation_top_tablet et_pb_animation_top_phone et-pb-icon\">\ue052<\/span><\/span><\/div>\n\t\t\t\t\t<div class=\"et_pb_blurb_container\">\n\t\t\t\t\t\t\n\t\t\t\t\t\t<div class=\"et_pb_blurb_description\"><p><span style=\"font-weight: 400;\">Para propietarios y arrendadores que quieran equipar sus viviendas con sistemas de calefacci\u00f3n que apenas requieran mantenimiento. Ideal para reformas: requiere poco mantenimiento, es duradero y eficiente.<\/span><\/p><\/div>\n\t\t\t\t\t<\/div>\n\t\t\t\t<\/div>\n\t\t\t<\/div><div class=\"et_pb_module et_d4_element et_pb_blurb et_pb_blurb_2  et_pb_text_align_left  et_pb_blurb_position_left et_block_module et_pb_bg_layout_light et_pb_blurb_position_left_tablet et_pb_blurb_position_left_phone\">\n\t\t\t\t\n\t\t\t\t\n\t\t\t\t\n\t\t\t\t\n\t\t\t\t<div class=\"et_pb_blurb_content\">\n\t\t\t\t\t<div class=\"et_pb_main_blurb_image et_pb_css_mix_blend_mode\"><span class=\"et_pb_image_wrap\"><span class=\"et-waypoint et_pb_animation_top et_pb_animation_top_tablet et_pb_animation_top_phone et-pb-icon\">\ue052<\/span><\/span><\/div>\n\t\t\t\t\t<div class=\"et_pb_blurb_container\">\n\t\t\t\t\t\t\n\t\t\t\t\t\t<div class=\"et_pb_blurb_description\"><p><span style=\"font-weight: 400;\">Para fabricantes de casas prefabricadas, promotores de proyectos y arquitectos que quieran dise\u00f1ar sus proyectos con vistas al futuro y ahorrando recursos.<\/span><\/p><\/div>\n\t\t\t\t\t<\/div>\n\t\t\t\t<\/div>\n\t\t\t<\/div><div class=\"et_pb_module et_d4_element et_pb_blurb et_pb_blurb_3  et_pb_text_align_left  et_pb_blurb_position_left et_block_module et_pb_bg_layout_light et_pb_blurb_position_left_tablet et_pb_blurb_position_left_phone\">\n\t\t\t\t\n\t\t\t\t\n\t\t\t\t\n\t\t\t\t\n\t\t\t\t<div class=\"et_pb_blurb_content\">\n\t\t\t\t\t<div class=\"et_pb_main_blurb_image et_pb_css_mix_blend_mode\"><span class=\"et_pb_image_wrap\"><span class=\"et-waypoint et_pb_animation_top et_pb_animation_top_tablet et_pb_animation_top_phone et-pb-icon\">\ue052<\/span><\/span><\/div>\n\t\t\t\t\t<div class=\"et_pb_blurb_container\">\n\t\t\t\t\t\t\n\t\t\t\t\t\t<div class=\"et_pb_blurb_description\"><p><span style=\"font-weight: 400;\">Para instituciones p\u00fablicas, como escuelas y museos, que necesitan calentar locales en los que es dif\u00edcil instalar radiadores normales.  <\/span><\/p><\/div>\n\t\t\t\t\t<\/div>\n\t\t\t\t<\/div>\n\t\t\t<\/div>\n\t\t\t<\/div>\n\t\t\t\t\n\t\t\t\t\n\t\t\t\t\n\t\t\t\t\n\t\t\t<\/div><div class=\"et_d4_element et_pb_row et_pb_row_3  et_pb_css_mix_blend_mode et_block_row\">\n\t\t\t\t<div class=\"et_d4_element et_pb_column_4_4 et_pb_column et_pb_column_4  et_pb_css_mix_blend_mode et-last-child et_block_column\">\n\t\t\t\t\n\t\t\t\t\n\t\t\t\t\n\t\t\t\t\n\t\t\t\t<div class=\"et_pb_module et_d4_element et_pb_text et_pb_text_8  et_pb_text_align_left et_pb_bg_layout_light\">\n\t\t\t\t\n\t\t\t\t\n\t\t\t\t\n\t\t\t\t\n\t\t\t\t<div class=\"et_pb_text_inner\"><p style=\"text-align: center;\">\u00bfNo est\u00e1s seguro de si nuestro sistema de calefacci\u00f3n es adecuado para ti? Ponte en contacto con nosotros sin compromiso y estaremos encantados de asesorarte.<\/p><\/div>\n\t\t\t<\/div><div class=\"et_pb_button_module_wrapper et_pb_button_0_wrapper et_pb_button_alignment_center et_pb_module \">\n\t\t\t\t<a class=\"et_pb_button et_d4_element et_pb_button_0 et_pb_bg_layout_dark et_block_module\" href=\"https:\/\/rebotherm.de\/es\/kontakt\/\" target=\"_blank\">Contacta<\/a>\n\t\t\t<\/div>\n\t\t\t<\/div>\n\t\t\t\t\n\t\t\t\t\n\t\t\t\t\n\t\t\t\t\n\t\t\t<\/div>\n\t\t\t\t\n\t\t\t\t<div class=\"et_pb_bottom_inside_divider et-no-transition\"><\/div>\n\t\t\t<\/div><div class=\"et_d4_element et_pb_section et_pb_section_3 et_pb_with_background  et_pb_css_mix_blend_mode et_section_regular et_block_section\" >\n\t\t\t\t\n\t\t\t\t\n\t\t\t\t\n\t\t\t\t\n\t\t\t\t\n\t\t\t\t\n\t\t\t\t<div class=\"et_d4_element et_pb_row et_pb_row_4  et_pb_css_mix_blend_mode et_block_row\">\n\t\t\t\t<div class=\"et_d4_element et_pb_column_1_2 et_pb_column et_pb_column_5  et_pb_css_mix_blend_mode et_block_column\">\n\t\t\t\t\n\t\t\t\t\n\t\t\t\t\n\t\t\t\t\n\t\t\t\t<div class=\"et_pb_module et_d4_element et_pb_text et_pb_text_9  et_pb_text_align_left et_pb_bg_layout_light\">\n\t\t\t\t\n\t\t\t\t\n\t\t\t\t\n\t\t\t\t\n\t\t\t\t<div class=\"et_pb_text_inner\"><h2 data-start=\"3079\" data-end=\"3146\"><strong data-start=\"3082\" data-end=\"3146\">Calefacci\u00f3n invisible: calor que se siente, pero no se ve<\/strong><\/h2>\n<p data-start=\"3148\" data-end=\"3313\">Nuestras calefacciones por infrarrojos de carbono demuestran que calentar no solo puede ser funcional, sino tambi\u00e9n est\u00e9tico.<br data-start=\"3256\" data-end=\"3259\">Gracias a la integraci\u00f3n invisible de nuestros sistemas de calefacci\u00f3n:<\/p>\n<ul data-start=\"3315\" data-end=\"3403\">\n<li data-start=\"3315\" data-end=\"3328\">\n<p data-start=\"3317\" data-end=\"3328\">en paredes<\/p>\n<\/li>\n<li data-start=\"3329\" data-end=\"3342\">\n<p data-start=\"3331\" data-end=\"3342\">en techos<\/p>\n<\/li>\n<li data-start=\"3343\" data-end=\"3365\">\n<p data-start=\"3345\" data-end=\"3365\">en estructuras de suelo<\/p>\n<\/li>\n<li data-start=\"3366\" data-end=\"3403\">\n<p data-start=\"3368\" data-end=\"3403\">o como superficies calefactadas revestidas<\/p>\n<\/li>\n<\/ul>\n<p data-start=\"3405\" data-end=\"3462\">la arquitectura de un espacio se conserva por completo.<\/p>\n<h3 data-start=\"3464\" data-end=\"3543\"><strong data-start=\"3468\" data-end=\"3543\">Proyectos impresionantes: desde la Elbphilharmonie hasta la conservaci\u00f3n de monumentos<\/strong><\/h3>\n<p data-start=\"3545\" data-end=\"3622\">Nuestra tecnolog\u00eda se ha utilizado con \u00e9xito en objetos desafiantes:<\/p>\n<ul data-start=\"3624\" data-end=\"3802\">\n<li data-start=\"3624\" data-end=\"3674\">\n<p data-start=\"3626\" data-end=\"3674\"><strong data-start=\"3626\" data-end=\"3672\">S\u00f3tano de la Elbphilharmonie de Hamburgo<\/strong><\/p>\n<\/li>\n<li data-start=\"3675\" data-end=\"3701\">\n<p data-start=\"3677\" data-end=\"3701\"><strong data-start=\"3677\" data-end=\"3699\">Museos hist\u00f3ricos<\/strong><\/p>\n<\/li>\n<li data-start=\"3702\" data-end=\"3747\">\n<p data-start=\"3704\" data-end=\"3747\"><strong data-start=\"3704\" data-end=\"3745\">Iglesias y edificios protegidos<\/strong><\/p>\n<\/li>\n<li data-start=\"3748\" data-end=\"3802\">\n<p data-start=\"3750\" data-end=\"3802\"><strong data-start=\"3750\" data-end=\"3802\">Restaurantes, escuelas y centros p\u00fablicos<\/strong><\/p>\n<\/li>\n<\/ul>\n<p data-start=\"3804\" data-end=\"3972\">Nuestros sistemas permiten calentar exactamente donde los radiadores cl\u00e1sicos encuentran sus l\u00edmites, sin elementos visibles y sin intervenciones estructurales en muros hist\u00f3ricos.<\/p><\/div>\n\t\t\t<\/div>\n\t\t\t<\/div><div class=\"et_d4_element et_pb_column_1_2 et_pb_column et_pb_column_6  et_pb_css_mix_blend_mode et-last-child et_block_column\">\n\t\t\t\t\n\t\t\t\t\n\t\t\t\t\n\t\t\t\t\n\t\t\t\t<div class=\"et_pb_module et_d4_element et_pb_image et_pb_image_2\">\n\t\t\t\t\n\t\t\t\t\n\t\t\t\t\n\t\t\t\t\n\t\t\t\t<span class=\"et_pb_image_wrap has-box-shadow-overlay\"><div class=\"box-shadow-overlay\"><\/div><img decoding=\"async\" width=\"500\" height=\"400\" src=\"https:\/\/rebotherm.de\/wp-content\/uploads\/2024\/05\/rebotherm-heizsystem-in-einer-kirche.jpg\" alt=\"Sistemas de calefacci\u00f3n de carbono en una iglesia\" title=\"sistema de calefacci\u00f3n en una iglesia\" srcset=\"https:\/\/rebotherm.de\/wp-content\/uploads\/2024\/05\/rebotherm-heizsystem-in-einer-kirche.jpg 500w, https:\/\/rebotherm.de\/wp-content\/uploads\/2024\/05\/rebotherm-heizsystem-in-einer-kirche-480x384.jpg 480w\" sizes=\"(min-width: 0px) and (max-width: 480px) 480px, (min-width: 481px) 500px, 100vw\" class=\"wp-image-27490\" \/><\/span>\n\t\t\t<\/div><div class=\"et_pb_module et_d4_element et_pb_text et_pb_text_10  et_pb_text_align_left et_pb_bg_layout_light\">\n\t\t\t\t\n\t\t\t\t\n\t\t\t\t\n\t\t\t\t\n\t\t\t\t<div class=\"et_pb_text_inner\"><p style=\"text-align: center;\"><i>Foto durante el proceso de instalaci\u00f3n.<br \/>Despu\u00e9s, no se ve nada de esto.<\/i><\/p><\/div>\n\t\t\t<\/div><div class=\"et_pb_module et_d4_element et_pb_text et_pb_text_11  et_pb_text_align_left et_pb_bg_layout_light\">\n\t\t\t\t\n\t\t\t\t\n\t\t\t\t\n\t\t\t\t\n\t\t\t\t<div class=\"et_pb_text_inner\"><p>Puede encontrar m\u00e1s informaci\u00f3n t\u00e9cnica sobre el funcionamiento del calor infrarrojo en la descripci\u00f3n oficial de la <strong data-start=\"3722\" data-end=\"3743\">radiaci\u00f3n infrarroja <a href=\"https:\/\/de.wikipedia.org\/wiki\/Strahlungsheizung\" target=\"_blank\" rel=\"noopener\">https:\/\/de.wikipedia.org\/wiki\/Strahlungsheizung<\/a><\/strong><\/p><\/div>\n\t\t\t<\/div>\n\t\t\t<\/div>\n\t\t\t\t\n\t\t\t\t\n\t\t\t\t\n\t\t\t\t\n\t\t\t<\/div><div class=\"et_d4_element et_pb_row et_pb_row_5  et_pb_css_mix_blend_mode et_block_row\">\n\t\t\t\t<div class=\"et_d4_element et_pb_column_1_2 et_pb_column et_pb_column_7  et_pb_css_mix_blend_mode et_block_column\">\n\t\t\t\t\n\t\t\t\t\n\t\t\t\t\n\t\t\t\t\n\t\t\t\t<div class=\"et_pb_module et_d4_element et_pb_image et_pb_image_3\">\n\t\t\t\t\n\t\t\t\t\n\t\t\t\t\n\t\t\t\t\n\t\t\t\t<span class=\"et_pb_image_wrap has-box-shadow-overlay\"><div class=\"box-shadow-overlay\"><\/div><img decoding=\"async\" width=\"500\" height=\"500\" src=\"https:\/\/rebotherm.de\/wp-content\/uploads\/2024\/05\/rebotherm-heizpaneele-im-restaurant-1.jpg\" alt=\"Sistema de calefacci\u00f3n de carbono durante la instalaci\u00f3n\" title=\"rebotherm-heating-panels-in-a-restaurant-1\" srcset=\"https:\/\/rebotherm.de\/wp-content\/uploads\/2024\/05\/rebotherm-heizpaneele-im-restaurant-1.jpg 500w, https:\/\/rebotherm.de\/wp-content\/uploads\/2024\/05\/rebotherm-heizpaneele-im-restaurant-1-480x480.jpg 480w\" sizes=\"(min-width: 0px) and (max-width: 480px) 480px, (min-width: 481px) 500px, 100vw\" class=\"wp-image-38397\" \/><\/span>\n\t\t\t<\/div><div class=\"et_pb_module et_d4_element et_pb_text et_pb_text_12  et_pb_text_align_left et_pb_bg_layout_light\">\n\t\t\t\t\n\t\t\t\t\n\t\t\t\t\n\t\t\t\t\n\t\t\t\t<div class=\"et_pb_text_inner\"><p style=\"text-align: center;\"><i>Foto durante el proceso de instalaci\u00f3n.<br \/>Despu\u00e9s, no se ve nada de esto.<\/i><\/p><\/div>\n\t\t\t<\/div>\n\t\t\t<\/div><div class=\"et_d4_element et_pb_column_1_2 et_pb_column et_pb_column_8  et_pb_css_mix_blend_mode et-last-child et_block_column\">\n\t\t\t\t\n\t\t\t\t\n\t\t\t\t\n\t\t\t\t\n\t\t\t\t<div class=\"et_pb_module et_d4_element et_pb_text et_pb_text_13  et_pb_text_align_left et_pb_bg_layout_light\">\n\t\t\t\t\n\t\t\t\t\n\t\t\t\t\n\t\t\t\t\n\t\t\t\t<div class=\"et_pb_text_inner\"><h2>\u00bfNo tiene espacio para radiadores? Los sistemas de calefacci\u00f3n de carbono son una soluci\u00f3n elegante. <\/h2><\/div>\n\t\t\t<\/div><div class=\"et_pb_module et_d4_element et_pb_text et_pb_text_14  et_pb_text_align_left et_pb_bg_layout_light\">\n\t\t\t\t\n\t\t\t\t\n\t\t\t\t\n\t\t\t\t\n\t\t\t\t<div class=\"et_pb_text_inner\"><p>Nuestra tecnolog\u00eda no se limita solo a proyectos prestigiosos: restaurantes, escuelas y casas particulares tambi\u00e9n se benefician del calor invisible de nuestros sistemas de calefacci\u00f3n de carbono. En un restaurante de Hamburgo, por ejemplo, pudimos crear un ambiente acogedor sin sacrificar espacio para voluminosos radiadores gracias a nuestra pintura calefactora, que se instal\u00f3 como vela de techo.<\/p>\n<p>Los colegios se benefician de una distribuci\u00f3n uniforme del calor, lo que crea un entorno de aprendizaje agradable, mientras que los particulares pueden disfrutar de sus habitaciones sin molestos radiadores. Calefacci\u00f3n invisible: una soluci\u00f3n que no s\u00f3lo es eficaz y est\u00e9tica, sino que tambi\u00e9n ofrece flexibilidad para calentar c\u00f3modamente estancias de todo tipo.<\/p><\/div>\n\t\t\t<\/div>\n\t\t\t<\/div>\n\t\t\t\t\n\t\t\t\t\n\t\t\t\t\n\t\t\t\t\n\t\t\t<\/div>\n\t\t\t\t\n\t\t\t\t\n\t\t\t<\/div><div class=\"et_d4_element et_pb_section et_pb_section_4 et_pb_with_background  et_pb_css_mix_blend_mode et_section_regular section_has_divider et_pb_bottom_divider et_pb_top_divider et_block_section\" >\n\t\t\t\t<div class=\"et_pb_top_inside_divider et-no-transition\"><\/div>\n\t\t\t\t\n\t\t\t\t\n\t\t\t\t\n\t\t\t\t\n\t\t\t\t\n\t\t\t\t<div class=\"et_d4_element et_pb_row et_pb_row_6  et_pb_css_mix_blend_mode et_block_row\">\n\t\t\t\t<div class=\"et_d4_element et_pb_column_4_4 et_pb_column et_pb_column_9  et_pb_css_mix_blend_mode et-last-child et_block_column\">\n\t\t\t\t\n\t\t\t\t\n\t\t\t\t\n\t\t\t\t\n\t\t\t\t<div class=\"et_pb_module et_d4_element et_pb_text et_pb_text_15  et_pb_text_align_left et_pb_bg_layout_light\">\n\t\t\t\t\n\t\t\t\t\n\t\t\t\t\n\t\t\t\t\n\t\t\t\t<div class=\"et_pb_text_inner\"><p style=\"text-align: center;\">Los tres principios m\u00e1s importantes del Rebotermo:<\/p><\/div>\n\t\t\t<\/div>\n\t\t\t<\/div>\n\t\t\t\t\n\t\t\t\t\n\t\t\t\t\n\t\t\t\t\n\t\t\t<\/div><div class=\"et_d4_element et_pb_row et_pb_row_7 et_pb_equal_columns et_pb_gutters2  et_pb_css_mix_blend_mode et_block_row\">\n\t\t\t\t<div class=\"et_pb_with_border et_pb_column_1_3 et_d4_element et_pb_column et_pb_column_10  et_pb_css_mix_blend_mode et_block_column\">\n\t\t\t\t\n\t\t\t\t\n\t\t\t\t\n\t\t\t\t\n\t\t\t\t<div class=\"et_pb_module et_d4_element et_pb_image et_pb_image_4\">\n\t\t\t\t\n\t\t\t\t\n\t\t\t\t\n\t\t\t\t\n\t\t\t\t<span class=\"et_pb_image_wrap \"><img decoding=\"async\" width=\"120\" height=\"120\" src=\"https:\/\/rebotherm.de\/wp-content\/uploads\/2024\/05\/rebotherm-werte-kundezufriendheit.png\" alt=\"rebotherm valora la satisfacci\u00f3n del cliente\" title=\"rebotherm-values-customer-friendliness\" srcset=\"https:\/\/rebotherm.de\/wp-content\/uploads\/2024\/05\/rebotherm-werte-kundezufriendheit.png 120w, https:\/\/rebotherm.de\/wp-content\/uploads\/2024\/05\/rebotherm-werte-kundezufriendheit-100x100.png 100w\" sizes=\"(max-width: 120px) 100vw, 120px\" class=\"wp-image-27492\" \/><\/span>\n\t\t\t<\/div><div class=\"et_pb_module et_d4_element et_pb_text et_pb_text_16  et_pb_text_align_left et_pb_bg_layout_light\">\n\t\t\t\t\n\t\t\t\t\n\t\t\t\t\n\t\t\t\t\n\t\t\t\t<div class=\"et_pb_text_inner\"><p style=\"text-align: center;\">Satisfacci\u00f3n del cliente<\/p><\/div>\n\t\t\t<\/div><div class=\"et_pb_module et_d4_element et_pb_text et_pb_text_17  et_pb_text_align_left et_pb_bg_layout_light\">\n\t\t\t\t\n\t\t\t\t\n\t\t\t\t\n\t\t\t\t\n\t\t\t\t<div class=\"et_pb_text_inner\"><p><span style=\"font-weight: 400;\">Tu satisfacci\u00f3n es nuestra m\u00e1xima prioridad. Compru\u00e9balo t\u00fa mismo y ponte en contacto con nosotros hoy mismo.<\/span><\/p><\/div>\n\t\t\t<\/div>\n\t\t\t<\/div><div class=\"et_pb_with_border et_pb_column_1_3 et_d4_element et_pb_column et_pb_column_11  et_pb_css_mix_blend_mode et_block_column\">\n\t\t\t\t\n\t\t\t\t\n\t\t\t\t\n\t\t\t\t\n\t\t\t\t<div class=\"et_pb_module et_d4_element et_pb_image et_pb_image_5\">\n\t\t\t\t\n\t\t\t\t\n\t\t\t\t\n\t\t\t\t\n\t\t\t\t<span class=\"et_pb_image_wrap \"><img decoding=\"async\" width=\"120\" height=\"120\" src=\"https:\/\/rebotherm.de\/wp-content\/uploads\/2024\/05\/rebotherm-werte-qualitaet.png\" alt=\"rebotherm valora la calidad\" title=\"rebotherm-values-quality\" srcset=\"https:\/\/rebotherm.de\/wp-content\/uploads\/2024\/05\/rebotherm-werte-qualitaet.png 120w, https:\/\/rebotherm.de\/wp-content\/uploads\/2024\/05\/rebotherm-werte-qualitaet-100x100.png 100w\" sizes=\"(max-width: 120px) 100vw, 120px\" class=\"wp-image-27493\" \/><\/span>\n\t\t\t<\/div><div class=\"et_pb_module et_d4_element et_pb_text et_pb_text_18  et_pb_text_align_left et_pb_bg_layout_light\">\n\t\t\t\t\n\t\t\t\t\n\t\t\t\t\n\t\t\t\t\n\t\t\t\t<div class=\"et_pb_text_inner\"><p style=\"text-align: center;\">calidad<\/p><\/div>\n\t\t\t<\/div><div class=\"et_pb_module et_d4_element et_pb_text et_pb_text_19  et_pb_text_align_left et_pb_bg_layout_light\">\n\t\t\t\t\n\t\t\t\t\n\t\t\t\t\n\t\t\t\t\n\t\t\t\t<div class=\"et_pb_text_inner\"><p><span style=\"font-weight: 400;\"><span>S\u00f3lo utilizamos productos probados y certificados. Artesan\u00eda de primera calidad. Asesoramiento profesional.<\/span><\/span><span style=\"font-weight: 400;\"><span><\/span><\/span><\/p><\/div>\n\t\t\t<\/div>\n\t\t\t<\/div><div class=\"et_pb_with_border et_pb_column_1_3 et_d4_element et_pb_column et_pb_column_12  et_pb_css_mix_blend_mode et-last-child et_block_column\">\n\t\t\t\t\n\t\t\t\t\n\t\t\t\t\n\t\t\t\t\n\t\t\t\t<div class=\"et_pb_module et_d4_element et_pb_image et_pb_image_6\">\n\t\t\t\t\n\t\t\t\t\n\t\t\t\t\n\t\t\t\t\n\t\t\t\t<span class=\"et_pb_image_wrap \"><img decoding=\"async\" width=\"120\" height=\"120\" src=\"https:\/\/rebotherm.de\/wp-content\/uploads\/2024\/05\/rebotherm-werte-nachhaltigkeit.png\" alt=\"rebotherm valora la sostenibilidad\" title=\"rebotherm-values-sustainability\" srcset=\"https:\/\/rebotherm.de\/wp-content\/uploads\/2024\/05\/rebotherm-werte-nachhaltigkeit.png 120w, https:\/\/rebotherm.de\/wp-content\/uploads\/2024\/05\/rebotherm-werte-nachhaltigkeit-100x100.png 100w\" sizes=\"(max-width: 120px) 100vw, 120px\" class=\"wp-image-27494\" \/><\/span>\n\t\t\t<\/div><div class=\"et_pb_module et_d4_element et_pb_text et_pb_text_20  et_pb_text_align_left et_pb_bg_layout_light\">\n\t\t\t\t\n\t\t\t\t\n\t\t\t\t\n\t\t\t\t\n\t\t\t\t<div class=\"et_pb_text_inner\"><p style=\"text-align: center;\">Sostenibilidad<\/p><\/div>\n\t\t\t<\/div><div class=\"et_pb_module et_d4_element et_pb_text et_pb_text_21  et_pb_text_align_left et_pb_bg_layout_light\">\n\t\t\t\t\n\t\t\t\t\n\t\t\t\t\n\t\t\t\t\n\t\t\t\t<div class=\"et_pb_text_inner\"><p><span style=\"font-weight: 400;\"><span>Nos esforzamos por minimizar la huella ecol\u00f3gica y crear soluciones a largo plazo para nuestro planeta<\/span><\/span><\/p><\/div>\n\t\t\t<\/div>\n\t\t\t<\/div>\n\t\t\t\t\n\t\t\t\t\n\t\t\t\t\n\t\t\t\t\n\t\t\t<\/div>\n\t\t\t\t\n\t\t\t\t<div class=\"et_pb_bottom_inside_divider et-no-transition\"><\/div>\n\t\t\t<\/div><div class=\"et_d4_element et_pb_section et_pb_section_5 et_pb_with_background  et_pb_css_mix_blend_mode et_section_regular et_block_section\" >\n\t\t\t\t\n\t\t\t\t\n\t\t\t\t\n\t\t\t\t\n\t\t\t\t\n\t\t\t\t\n\t\t\t\t<div class=\"et_d4_element et_pb_row et_pb_row_8  et_pb_css_mix_blend_mode et_block_row\">\n\t\t\t\t<div class=\"et_d4_element et_pb_column_4_4 et_pb_column et_pb_column_13  et_pb_css_mix_blend_mode et-last-child et_block_column\">\n\t\t\t\t\n\t\t\t\t\n\t\t\t\t\n\t\t\t\t\n\t\t\t\t<div class=\"et_pb_module et_d4_element et_pb_text et_pb_text_22  et_pb_text_align_left et_pb_bg_layout_light\">\n\t\t\t\t\n\t\t\t\t\n\t\t\t\t\n\t\t\t\t\n\t\t\t\t<div class=\"et_pb_text_inner\"><h2 style=\"text-align: center;\">Impresiones<\/h2><\/div>\n\t\t\t<\/div><div class=\"et_pb_module et_d4_element et_pb_text et_pb_text_23  et_pb_text_align_left et_pb_bg_layout_light\">\n\t\t\t\t\n\t\t\t\t\n\t\t\t\t\n\t\t\t\t\n\t\t\t\t<div class=\"et_pb_text_inner\"><p>(Nota: Las siguientes im\u00e1genes muestran los productos durante el proceso de instalaci\u00f3n. Una vez finalizada, son completamente invisibles).<\/p><\/div>\n\t\t\t<\/div>\n\t\t\t<\/div>\n\t\t\t\t\n\t\t\t\t\n\t\t\t\t\n\t\t\t\t\n\t\t\t<\/div><div class=\"et_d4_element et_pb_row et_pb_row_9  et_pb_css_mix_blend_mode et_block_row\">\n\t\t\t\t<div class=\"et_d4_element et_pb_column_4_4 et_pb_column et_pb_column_14  et_pb_css_mix_blend_mode et-last-child et_block_column\">\n\t\t\t\t\n\t\t\t\t\n\t\t\t\t\n\t\t\t\t\n\t\t\t\t<div class=\"et_pb_module et_d4_element et_pb_gallery et_pb_gallery_0  et_pb_bg_layout_light et_pb_gallery_grid\">\n\t\t\t\t<div class=\"et_pb_gallery_items et_pb_grid_items et_post_gallery clearfix\" data-per_page=\"12\"><div class=\"et_pb_gallery_item et_pb_grid_item et_pb_bg_layout_light et_pb_css_mix_blend_mode et_pb_gallery_item_0_0\"><div class=\"et_pb_gallery_image landscape\">\n\t\t\t\t\t<a href=\"https:\/\/rebotherm.de\/wp-content\/uploads\/2024\/05\/Apotheke-Deckenheizung-weiss-scaled-1.jpg\" title=\"Farmacia-techo-calentador-blanco-escalado-1\">\n\t\t\t\t\t<img decoding=\"async\" width=\"400\" height=\"284\" src=\"https:\/\/rebotherm.de\/wp-content\/uploads\/2024\/05\/Apotheke-Deckenheizung-weiss-scaled-1-400x284.jpg\" srcset=\"https:\/\/rebotherm.de\/wp-content\/uploads\/2024\/05\/Apotheke-Deckenheizung-weiss-scaled-1.jpg 479w, https:\/\/rebotherm.de\/wp-content\/uploads\/2024\/05\/Apotheke-Deckenheizung-weiss-scaled-1-400x284.jpg 480w\" sizes=\"(max-width:479px) 479px, 100vw\" class=\"wp-image-38386\" alt=\"\" title=\"\">\n\t\t\t\t\t<span class=\"et_overlay et_pb_inline_icon\" data-icon=\"\uf245\"><\/span>\n\t\t\t\t<\/a>\n\t\t\t\t<\/div><\/div><div class=\"et_pb_gallery_item et_pb_grid_item et_pb_bg_layout_light et_pb_css_mix_blend_mode et_pb_gallery_item_0_1\"><div class=\"et_pb_gallery_image landscape\">\n\t\t\t\t\t<a href=\"https:\/\/rebotherm.de\/wp-content\/uploads\/2024\/05\/Apotheke-Deckenheizung-scaled-1.jpg\" title=\"Farmacia-techo-calefacci\u00f3n-escala-1\">\n\t\t\t\t\t<img decoding=\"async\" width=\"400\" height=\"284\" src=\"https:\/\/rebotherm.de\/wp-content\/uploads\/2024\/05\/Apotheke-Deckenheizung-scaled-1-400x284.jpg\" srcset=\"https:\/\/rebotherm.de\/wp-content\/uploads\/2024\/05\/Apotheke-Deckenheizung-scaled-1.jpg 479w, https:\/\/rebotherm.de\/wp-content\/uploads\/2024\/05\/Apotheke-Deckenheizung-scaled-1-400x284.jpg 480w\" sizes=\"(max-width:479px) 479px, 100vw\" class=\"wp-image-38387\" alt=\"\" title=\"\">\n\t\t\t\t\t<span class=\"et_overlay et_pb_inline_icon\" data-icon=\"\uf245\"><\/span>\n\t\t\t\t<\/a>\n\t\t\t\t<\/div><\/div><div class=\"et_pb_gallery_item et_pb_grid_item et_pb_bg_layout_light et_pb_css_mix_blend_mode et_pb_gallery_item_0_2\"><div class=\"et_pb_gallery_image landscape\">\n\t\t\t\t\t<a href=\"https:\/\/rebotherm.de\/wp-content\/uploads\/2024\/05\/Carbon-Heizflaechen-im-Showroom-scaled-1.jpg\" title=\"Superficies-calentadoras-de-carb\u00f3n-en-sala-de-exhibici\u00f3n-escala-1\">\n\t\t\t\t\t<img decoding=\"async\" width=\"400\" height=\"284\" src=\"https:\/\/rebotherm.de\/wp-content\/uploads\/2024\/05\/Carbon-Heizflaechen-im-Showroom-scaled-1-400x284.jpg\" srcset=\"https:\/\/rebotherm.de\/wp-content\/uploads\/2024\/05\/Carbon-Heizflaechen-im-Showroom-scaled-1.jpg 479w, https:\/\/rebotherm.de\/wp-content\/uploads\/2024\/05\/Carbon-Heizflaechen-im-Showroom-scaled-1-400x284.jpg 480w\" sizes=\"(max-width:479px) 479px, 100vw\" class=\"wp-image-38388\" alt=\"\" title=\"\">\n\t\t\t\t\t<span class=\"et_overlay et_pb_inline_icon\" data-icon=\"\uf245\"><\/span>\n\t\t\t\t<\/a>\n\t\t\t\t<\/div><\/div><div class=\"et_pb_gallery_item et_pb_grid_item et_pb_bg_layout_light et_pb_css_mix_blend_mode et_pb_gallery_item_0_3\"><div class=\"et_pb_gallery_image landscape\">\n\t\t\t\t\t<a href=\"https:\/\/rebotherm.de\/wp-content\/uploads\/2024\/05\/Carbon-Heizfolie-wird-verklebt-scaled-1.jpg\" title=\"l\u00e1mina-calentadora-de-carbono-est\u00e1-pegada-escala-1\">\n\t\t\t\t\t<img decoding=\"async\" width=\"400\" height=\"284\" src=\"https:\/\/rebotherm.de\/wp-content\/uploads\/2024\/05\/Carbon-Heizfolie-wird-verklebt-scaled-1-400x284.jpg\" srcset=\"https:\/\/rebotherm.de\/wp-content\/uploads\/2024\/05\/Carbon-Heizfolie-wird-verklebt-scaled-1.jpg 479w, https:\/\/rebotherm.de\/wp-content\/uploads\/2024\/05\/Carbon-Heizfolie-wird-verklebt-scaled-1-400x284.jpg 480w\" sizes=\"(max-width:479px) 479px, 100vw\" class=\"wp-image-38389\" alt=\"\" title=\"\">\n\t\t\t\t\t<span class=\"et_overlay et_pb_inline_icon\" data-icon=\"\uf245\"><\/span>\n\t\t\t\t<\/a>\n\t\t\t\t<\/div><\/div><div class=\"et_pb_gallery_item et_pb_grid_item et_pb_bg_layout_light et_pb_css_mix_blend_mode et_pb_gallery_item_0_4\"><div class=\"et_pb_gallery_image landscape\">\n\t\t\t\t\t<a href=\"https:\/\/rebotherm.de\/wp-content\/uploads\/2024\/05\/Dachbodenausbau-mit-Carbon-Heizanstrich-scaled-1.jpg\" title=\"oplus_32\">\n\t\t\t\t\t<img decoding=\"async\" width=\"400\" height=\"284\" src=\"https:\/\/rebotherm.de\/wp-content\/uploads\/2024\/05\/Dachbodenausbau-mit-Carbon-Heizanstrich-scaled-1-400x284.jpg\" srcset=\"https:\/\/rebotherm.de\/wp-content\/uploads\/2024\/05\/Dachbodenausbau-mit-Carbon-Heizanstrich-scaled-1.jpg 479w, https:\/\/rebotherm.de\/wp-content\/uploads\/2024\/05\/Dachbodenausbau-mit-Carbon-Heizanstrich-scaled-1-400x284.jpg 480w\" sizes=\"(max-width:479px) 479px, 100vw\" class=\"wp-image-38390\" alt=\"\" title=\"\">\n\t\t\t\t\t<span class=\"et_overlay et_pb_inline_icon\" data-icon=\"\uf245\"><\/span>\n\t\t\t\t<\/a>\n\t\t\t\t<\/div><\/div><div class=\"et_pb_gallery_item et_pb_grid_item et_pb_bg_layout_light et_pb_css_mix_blend_mode et_pb_gallery_item_0_5\"><div class=\"et_pb_gallery_image landscape\">\n\t\t\t\t\t<a href=\"https:\/\/rebotherm.de\/wp-content\/uploads\/2024\/05\/Deckenheizung-in-Restaurant-scaled-1.jpg\" title=\"oplus_32\">\n\t\t\t\t\t<img decoding=\"async\" width=\"400\" height=\"284\" src=\"https:\/\/rebotherm.de\/wp-content\/uploads\/2024\/05\/Deckenheizung-in-Restaurant-scaled-1-400x284.jpg\" srcset=\"https:\/\/rebotherm.de\/wp-content\/uploads\/2024\/05\/Deckenheizung-in-Restaurant-scaled-1.jpg 479w, https:\/\/rebotherm.de\/wp-content\/uploads\/2024\/05\/Deckenheizung-in-Restaurant-scaled-1-400x284.jpg 480w\" sizes=\"(max-width:479px) 479px, 100vw\" class=\"wp-image-38391\" alt=\"\" title=\"\">\n\t\t\t\t\t<span class=\"et_overlay et_pb_inline_icon\" data-icon=\"\uf245\"><\/span>\n\t\t\t\t<\/a>\n\t\t\t\t<\/div><\/div><div class=\"et_pb_gallery_item et_pb_grid_item et_pb_bg_layout_light et_pb_css_mix_blend_mode et_pb_gallery_item_0_6\"><div class=\"et_pb_gallery_image landscape\">\n\t\t\t\t\t<a href=\"https:\/\/rebotherm.de\/wp-content\/uploads\/2024\/05\/Deckenheizung-Restaurant-1.jpeg\" title=\"Calefacci\u00f3n de techo-Restaurante-1\">\n\t\t\t\t\t<img decoding=\"async\" width=\"400\" height=\"284\" src=\"https:\/\/rebotherm.de\/wp-content\/uploads\/2024\/05\/Deckenheizung-Restaurant-1-400x284.jpeg\" srcset=\"https:\/\/rebotherm.de\/wp-content\/uploads\/2024\/05\/Deckenheizung-Restaurant-1.jpeg 479w, https:\/\/rebotherm.de\/wp-content\/uploads\/2024\/05\/Deckenheizung-Restaurant-1-400x284.jpeg 480w\" sizes=\"(max-width:479px) 479px, 100vw\" class=\"wp-image-38392\" alt=\"\" title=\"\">\n\t\t\t\t\t<span class=\"et_overlay et_pb_inline_icon\" data-icon=\"\uf245\"><\/span>\n\t\t\t\t<\/a>\n\t\t\t\t<\/div><\/div><div class=\"et_pb_gallery_item et_pb_grid_item et_pb_bg_layout_light et_pb_css_mix_blend_mode et_pb_gallery_item_0_7\"><div class=\"et_pb_gallery_image landscape\">\n\t\t\t\t\t<a href=\"https:\/\/rebotherm.de\/wp-content\/uploads\/2024\/05\/Elbphilharmonie-Carbon-Heizung-im-Kaispeicher-scaled-1.jpg\" title=\"Elbphilharmonie-Calentamiento-del-carbono-en-la-caverna-escala-1\">\n\t\t\t\t\t<img decoding=\"async\" width=\"400\" height=\"284\" src=\"https:\/\/rebotherm.de\/wp-content\/uploads\/2024\/05\/Elbphilharmonie-Carbon-Heizung-im-Kaispeicher-scaled-1-400x284.jpg\" srcset=\"https:\/\/rebotherm.de\/wp-content\/uploads\/2024\/05\/Elbphilharmonie-Carbon-Heizung-im-Kaispeicher-scaled-1.jpg 479w, https:\/\/rebotherm.de\/wp-content\/uploads\/2024\/05\/Elbphilharmonie-Carbon-Heizung-im-Kaispeicher-scaled-1-400x284.jpg 480w\" sizes=\"(max-width:479px) 479px, 100vw\" class=\"wp-image-38393\" alt=\"\" title=\"\">\n\t\t\t\t\t<span class=\"et_overlay et_pb_inline_icon\" data-icon=\"\uf245\"><\/span>\n\t\t\t\t<\/a>\n\t\t\t\t<\/div><\/div><div class=\"et_pb_gallery_item et_pb_grid_item et_pb_bg_layout_light et_pb_css_mix_blend_mode et_pb_gallery_item_0_8\"><div class=\"et_pb_gallery_image landscape\">\n\t\t\t\t\t<a href=\"https:\/\/rebotherm.de\/wp-content\/uploads\/2024\/05\/Heizfolie-wird-an-Wand-geklebt-scaled-1.jpg\" title=\"L\u00e1mina-calefactora-est\u00e1-pegada-a-la-pared-escala-1\">\n\t\t\t\t\t<img decoding=\"async\" width=\"400\" height=\"284\" src=\"https:\/\/rebotherm.de\/wp-content\/uploads\/2024\/05\/Heizfolie-wird-an-Wand-geklebt-scaled-1-400x284.jpg\" srcset=\"https:\/\/rebotherm.de\/wp-content\/uploads\/2024\/05\/Heizfolie-wird-an-Wand-geklebt-scaled-1.jpg 479w, https:\/\/rebotherm.de\/wp-content\/uploads\/2024\/05\/Heizfolie-wird-an-Wand-geklebt-scaled-1-400x284.jpg 480w\" sizes=\"(max-width:479px) 479px, 100vw\" class=\"wp-image-38394\" alt=\"\" title=\"\">\n\t\t\t\t\t<span class=\"et_overlay et_pb_inline_icon\" data-icon=\"\uf245\"><\/span>\n\t\t\t\t<\/a>\n\t\t\t\t<\/div><\/div><div class=\"et_pb_gallery_item et_pb_grid_item et_pb_bg_layout_light et_pb_css_mix_blend_mode et_pb_gallery_item_0_9\"><div class=\"et_pb_gallery_image landscape\">\n\t\t\t\t\t<a href=\"https:\/\/rebotherm.de\/wp-content\/uploads\/2024\/05\/Heizung-in-einem-Restaurant-scaled-1.jpg\" title=\"oplus_32\">\n\t\t\t\t\t<img decoding=\"async\" width=\"400\" height=\"284\" src=\"https:\/\/rebotherm.de\/wp-content\/uploads\/2024\/05\/Heizung-in-einem-Restaurant-scaled-1-400x284.jpg\" srcset=\"https:\/\/rebotherm.de\/wp-content\/uploads\/2024\/05\/Heizung-in-einem-Restaurant-scaled-1.jpg 479w, https:\/\/rebotherm.de\/wp-content\/uploads\/2024\/05\/Heizung-in-einem-Restaurant-scaled-1-400x284.jpg 480w\" sizes=\"(max-width:479px) 479px, 100vw\" class=\"wp-image-38395\" alt=\"\" title=\"\">\n\t\t\t\t\t<span class=\"et_overlay et_pb_inline_icon\" data-icon=\"\uf245\"><\/span>\n\t\t\t\t<\/a>\n\t\t\t\t<\/div><\/div><div class=\"et_pb_gallery_item et_pb_grid_item et_pb_bg_layout_light et_pb_css_mix_blend_mode et_pb_gallery_item_0_10\"><div class=\"et_pb_gallery_image landscape\">\n\t\t\t\t\t<a href=\"https:\/\/rebotherm.de\/wp-content\/uploads\/2024\/05\/Kirche-scaled-1.jpg\" title=\"Iglesia-escala-1\">\n\t\t\t\t\t<img decoding=\"async\" width=\"400\" height=\"284\" src=\"https:\/\/rebotherm.de\/wp-content\/uploads\/2024\/05\/Kirche-scaled-1-400x284.jpg\" srcset=\"https:\/\/rebotherm.de\/wp-content\/uploads\/2024\/05\/Kirche-scaled-1.jpg 479w, https:\/\/rebotherm.de\/wp-content\/uploads\/2024\/05\/Kirche-scaled-1-400x284.jpg 480w\" sizes=\"(max-width:479px) 479px, 100vw\" class=\"wp-image-38396\" alt=\"\" title=\"\">\n\t\t\t\t\t<span class=\"et_overlay et_pb_inline_icon\" data-icon=\"\uf245\"><\/span>\n\t\t\t\t<\/a>\n\t\t\t\t<\/div><\/div><div class=\"et_pb_gallery_item et_pb_grid_item et_pb_bg_layout_light et_pb_css_mix_blend_mode et_pb_gallery_item_0_11\"><div class=\"et_pb_gallery_image landscape\">\n\t\t\t\t\t<a href=\"https:\/\/rebotherm.de\/wp-content\/uploads\/2024\/05\/rebotherm-heizpaneele-im-restaurant-1.jpg\" title=\"rebotherm-heating-panels-in-a-restaurant-1\">\n\t\t\t\t\t<img decoding=\"async\" width=\"400\" height=\"284\" src=\"https:\/\/rebotherm.de\/wp-content\/uploads\/2024\/05\/rebotherm-heizpaneele-im-restaurant-1-400x284.jpg\" alt=\"Sistema de calefacci\u00f3n de carbono durante la instalaci\u00f3n\" srcset=\"https:\/\/rebotherm.de\/wp-content\/uploads\/2024\/05\/rebotherm-heizpaneele-im-restaurant-1.jpg 479w, https:\/\/rebotherm.de\/wp-content\/uploads\/2024\/05\/rebotherm-heizpaneele-im-restaurant-1-400x284.jpg 480w\" sizes=\"(max-width:479px) 479px, 100vw\" class=\"wp-image-38397\" title=\"\">\n\t\t\t\t\t<span class=\"et_overlay et_pb_inline_icon\" data-icon=\"\uf245\"><\/span>\n\t\t\t\t<\/a>\n\t\t\t\t<\/div><\/div><div class=\"et_pb_gallery_item et_pb_grid_item et_pb_bg_layout_light et_pb_css_mix_blend_mode et_pb_gallery_item_0_12\"><div class=\"et_pb_gallery_image landscape\">\n\t\t\t\t\t<a href=\"https:\/\/rebotherm.de\/wp-content\/uploads\/2024\/05\/Showroom-mit-Carbon-Heizung-scaled-1.jpg\" title=\"Sala de exposiciones con calefacci\u00f3n de carbono a escala 1\">\n\t\t\t\t\t<img decoding=\"async\" width=\"400\" height=\"284\" src=\"https:\/\/rebotherm.de\/wp-content\/uploads\/2024\/05\/Showroom-mit-Carbon-Heizung-scaled-1-400x284.jpg\" srcset=\"https:\/\/rebotherm.de\/wp-content\/uploads\/2024\/05\/Showroom-mit-Carbon-Heizung-scaled-1.jpg 479w, https:\/\/rebotherm.de\/wp-content\/uploads\/2024\/05\/Showroom-mit-Carbon-Heizung-scaled-1-400x284.jpg 480w\" sizes=\"(max-width:479px) 479px, 100vw\" class=\"wp-image-38398\" alt=\"\" title=\"\">\n\t\t\t\t\t<span class=\"et_overlay et_pb_inline_icon\" data-icon=\"\uf245\"><\/span>\n\t\t\t\t<\/a>\n\t\t\t\t<\/div><\/div><\/div><\/div>\n\t\t\t<\/div>\n\t\t\t\t\n\t\t\t\t\n\t\t\t\t\n\t\t\t\t\n\t\t\t<\/div>\n\t\t\t\t\n\t\t\t\t\n\t\t\t<\/div><\/p>\n","protected":false},"excerpt":{"rendered":"","protected":false},"author":1,"featured_media":0,"parent":0,"menu_order":0,"comment_status":"closed","ping_status":"closed","template":"","meta":{"_acf_changed":false,"_et_pb_use_builder":"on","_et_pb_old_content":"","_et_gb_content_width":"","footnotes":""},"class_list":["post-28606","page","type-page","status-publish","hentry"],"acf":[],"_links":{"self":[{"href":"https:\/\/rebotherm.de\/es\/wp-json\/wp\/v2\/pages\/28606","targetHints":{"allow":["GET"]}}],"collection":[{"href":"https:\/\/rebotherm.de\/es\/wp-json\/wp\/v2\/pages"}],"about":[{"href":"https:\/\/rebotherm.de\/es\/wp-json\/wp\/v2\/types\/page"}],"author":[{"embeddable":true,"href":"https:\/\/rebotherm.de\/es\/wp-json\/wp\/v2\/users\/1"}],"replies":[{"embeddable":true,"href":"https:\/\/rebotherm.de\/es\/wp-json\/wp\/v2\/comments?post=28606"}],"version-history":[{"count":0,"href":"https:\/\/rebotherm.de\/es\/wp-json\/wp\/v2\/pages\/28606\/revisions"}],"wp:attachment":[{"href":"https:\/\/rebotherm.de\/es\/wp-json\/wp\/v2\/media?parent=28606"}],"curies":[{"name":"wp","href":"https:\/\/api.w.org\/{rel}","templated":true}]}}