{"id":28649,"date":"2019-11-03T15:38:36","date_gmt":"2019-11-03T14:38:36","guid":{"rendered":"https:\/\/rebotherm.de\/lamina-calefactora\/"},"modified":"2026-02-27T17:08:13","modified_gmt":"2026-02-27T16:08:13","slug":"lamina-calefactora","status":"publish","type":"page","link":"https:\/\/rebotherm.de\/es\/lamina-calefactora\/","title":{"rendered":"L\u00e1mina calefactora"},"content":{"rendered":"<p><div class=\"et_d4_element et_pb_section et_pb_section_0 et_pb_with_background  et_pb_css_mix_blend_mode et_section_regular section_has_divider et_pb_bottom_divider et_block_section\" >\n\t\t\t\t\n\t\t\t\t\n\t\t\t\t\n\t\t\t\t\n\t\t\t\t\n\t\t\t\t\n\t\t\t\t<div class=\"et_d4_element et_pb_row et_pb_row_0  et_pb_css_mix_blend_mode et_block_row\">\n\t\t\t\t<div class=\"et_d4_element et_pb_column_1_2 et_pb_column et_pb_column_0  et_pb_css_mix_blend_mode et_block_column\">\n\t\t\t\t\n\t\t\t\t\n\t\t\t\t\n\t\t\t\t\n\t\t\t\t<div class=\"et_pb_module et_d4_element et_pb_text et_pb_text_0  et_pb_text_align_left et_pb_bg_layout_light\">\n\t\t\t\t\n\t\t\t\t\n\t\t\t\t\n\t\t\t\t\n\t\t\t\t<div class=\"et_pb_text_inner\"><h1>L\u00e1mina calefactora autoadhesiva con color calefactor de carbono<\/h1>\n<p>Nuestra l\u00e1mina calefactora ultraplana ofrece una soluci\u00f3n moderna para la calefacci\u00f3n de paneles el\u00e9ctricos, \u00a1ideal para suelos, paredes o techos!<\/p>\n<p>El calentador est\u00e1 dise\u00f1ado para facilitar el acabado con masilla, papel pintado, pintura o azulejos despu\u00e9s de la instalaci\u00f3n, especialmente para los aficionados al bricolaje.<\/p><\/div>\n\t\t\t<\/div><div class=\"et_pb_button_module_wrapper et_pb_button_0_wrapper et_pb_button_alignment_left et_pb_module \">\n\t\t\t\t<a class=\"et_pb_button et_d4_element et_pb_button_0 et_pb_bg_layout_dark et_block_module\" href=\"https:\/\/rebotherm.de\/es\/calentadores\/\">A las variantes<\/a>\n\t\t\t<\/div>\n\t\t\t<\/div><div class=\"et_d4_element et_pb_column_1_2 et_pb_column et_pb_column_1  et_pb_css_mix_blend_mode et-last-child et_block_column\">\n\t\t\t\t\n\t\t\t\t\n\t\t\t\t\n\t\t\t\t\n\t\t\t\t<div class=\"et_pb_module et_d4_element et_pb_image et_pb_image_0\">\n\t\t\t\t\n\t\t\t\t\n\t\t\t\t\n\t\t\t\t\n\t\t\t\t<span class=\"et_pb_image_wrap \"><img decoding=\"async\" width=\"400\" height=\"450\" src=\"https:\/\/rebotherm.de\/wp-content\/uploads\/2024\/05\/heizfolie-mit-carbongewebe-rebotherm.png\" alt=\"tejido calefactor de carbono reboheat para calefacci\u00f3n de pared, techo o suelo\" title=\"l\u00e1mina-calentadora-con-reboque-de-tejido-de-carbono\" srcset=\"https:\/\/rebotherm.de\/wp-content\/uploads\/2024\/05\/heizfolie-mit-carbongewebe-rebotherm.png 400w, https:\/\/rebotherm.de\/wp-content\/uploads\/2024\/05\/heizfolie-mit-carbongewebe-rebotherm-267x300.png 267w, https:\/\/rebotherm.de\/wp-content\/uploads\/2024\/05\/heizfolie-mit-carbongewebe-rebotherm-133x150.png 133w\" sizes=\"(max-width: 400px) 100vw, 400px\" class=\"wp-image-27473\" \/><\/span>\n\t\t\t<\/div>\n\t\t\t<\/div>\n\t\t\t\t\n\t\t\t\t\n\t\t\t\t\n\t\t\t\t\n\t\t\t<\/div>\n\t\t\t\t\n\t\t\t\t<div class=\"et_pb_bottom_inside_divider et-no-transition\"><\/div>\n\t\t\t<\/div><div class=\"et_d4_element et_pb_section et_pb_section_1 et_pb_with_background  et_pb_css_mix_blend_mode et_section_regular section_has_divider et_pb_bottom_divider et_block_section\" >\n\t\t\t\t\n\t\t\t\t\n\t\t\t\t\n\t\t\t\t\n\t\t\t\t\n\t\t\t\t\n\t\t\t\t<div class=\"et_d4_element et_pb_row et_pb_row_1  et_pb_css_mix_blend_mode et_block_row\">\n\t\t\t\t<div class=\"et_d4_element et_pb_column_1_2 et_pb_column et_pb_column_2  et_pb_css_mix_blend_mode et_block_column\">\n\t\t\t\t\n\t\t\t\t\n\t\t\t\t\n\t\t\t\t\n\t\t\t\t<div class=\"et_pb_module et_d4_element et_pb_text et_pb_text_1 et_clickable  et_pb_text_align_left et_pb_bg_layout_light\">\n\t\t\t\t\n\t\t\t\t\n\t\t\t\t\n\t\t\t\t\n\t\t\t\t<div class=\"et_pb_text_inner\"><h2><span>Calefacci\u00f3n autoadhesiva<\/span><\/h2>\n<p>Nuestra l\u00e1mina autoadhesiva ofrece numerosas ventajas que la convierten en la elecci\u00f3n perfecta para los sistemas de calefacci\u00f3n modernos:<\/p>\n<p>Gracias a su dise\u00f1o autoadhesivo, la l\u00e1mina puede ser instalada f\u00e1cilmente por una sola persona. Esto no s\u00f3lo ahorra tiempo, sino tambi\u00e9n costes de personal adicional u obreros.<\/p>\n<p>La alfombrilla calefactora no necesita ning\u00fan adhesivo adicional, lo que hace que la instalaci\u00f3n sea especialmente limpia y sencilla. No quedan restos de adhesivo ni suciedad, como suele ocurrir con los m\u00e9todos convencionales.<\/p>\n<p>Nuestro sistema de calefacci\u00f3n ultraplana es respetuoso con el medio ambiente y contribuye a un estilo de vida sostenible. Est\u00e1 fabricado con materiales que consumen menos recursos y tienen una larga vida \u00fatil, lo que minimiza tu huella ecol\u00f3gica.<\/p>\n<p>Descubre las ventajas de nuestro sistema de calefacci\u00f3n autoadhesivo y benef\u00edciate de una soluci\u00f3n de calefacci\u00f3n r\u00e1pida, limpia y ecol\u00f3gica que ahorra tiempo y dinero.<\/p>\n<p>Puedes encontrar m\u00e1s informaci\u00f3n sobre la tecnolog\u00eda y las posibles aplicaciones de los modernos sistemas de calefacci\u00f3n por paneles aqu\u00ed <a href=\"https:\/\/www.flaechenheizung.de\/elektrische-flaechenheizung\/\" target=\"_blank\" rel=\"noopener\">https:\/\/www.flaechenheizung.de\/elektrische-flaechenheizung\/<\/a><\/p><\/div>\n\t\t\t<\/div>\n\t\t\t<\/div><div class=\"et_d4_element et_pb_column_1_2 et_pb_column et_pb_column_3  et_pb_css_mix_blend_mode et-last-child et_block_column\">\n\t\t\t\t\n\t\t\t\t\n\t\t\t\t\n\t\t\t\t\n\t\t\t\t<div class=\"et_pb_module et_d4_element et_pb_image et_pb_image_1\">\n\t\t\t\t\n\t\t\t\t\n\t\t\t\t\n\t\t\t\t\n\t\t\t\t<span class=\"et_pb_image_wrap \"><img decoding=\"async\" width=\"400\" height=\"600\" src=\"https:\/\/rebotherm.de\/wp-content\/uploads\/2024\/05\/heizfolie-selbstklebend-rebotherm.png\" alt=\"L\u00e1mina calefactora autoadhesiva de rebotherm\" title=\"l\u00e1mina calefactora-autoadhesiva-rebotherm\" srcset=\"https:\/\/rebotherm.de\/wp-content\/uploads\/2024\/05\/heizfolie-selbstklebend-rebotherm.png 400w, https:\/\/rebotherm.de\/wp-content\/uploads\/2024\/05\/heizfolie-selbstklebend-rebotherm-200x300.png 200w, https:\/\/rebotherm.de\/wp-content\/uploads\/2024\/05\/heizfolie-selbstklebend-rebotherm-100x150.png 100w\" sizes=\"(max-width: 400px) 100vw, 400px\" class=\"wp-image-27594\" \/><\/span>\n\t\t\t<\/div>\n\t\t\t<\/div>\n\t\t\t\t\n\t\t\t\t\n\t\t\t\t\n\t\t\t\t\n\t\t\t<\/div><div class=\"et_d4_element et_pb_row et_pb_row_2  et_pb_css_mix_blend_mode et_block_row\">\n\t\t\t\t<div class=\"et_d4_element et_pb_column_1_2 et_pb_column et_pb_column_4  et_pb_css_mix_blend_mode et_block_column\">\n\t\t\t\t\n\t\t\t\t\n\t\t\t\t\n\t\t\t\t\n\t\t\t\t<div class=\"et_pb_module et_d4_element et_pb_image et_pb_image_2\">\n\t\t\t\t\n\t\t\t\t\n\t\t\t\t\n\t\t\t\t\n\t\t\t\t<span class=\"et_pb_image_wrap \"><img decoding=\"async\" width=\"400\" height=\"600\" src=\"https:\/\/rebotherm.de\/wp-content\/uploads\/2024\/05\/heizfolie-mit-carbon.png\" alt=\"L\u00e1mina calefactora con carbono\" title=\"l\u00e1mina-calentadora-con-carbono\" srcset=\"https:\/\/rebotherm.de\/wp-content\/uploads\/2024\/05\/heizfolie-mit-carbon.png 400w, https:\/\/rebotherm.de\/wp-content\/uploads\/2024\/05\/heizfolie-mit-carbon-200x300.png 200w, https:\/\/rebotherm.de\/wp-content\/uploads\/2024\/05\/heizfolie-mit-carbon-100x150.png 100w\" sizes=\"(max-width: 400px) 100vw, 400px\" class=\"wp-image-27474\" \/><\/span>\n\t\t\t<\/div>\n\t\t\t<\/div><div class=\"et_d4_element et_pb_column_1_2 et_pb_column et_pb_column_5  et_pb_css_mix_blend_mode et-last-child et_block_column\">\n\t\t\t\t\n\t\t\t\t\n\t\t\t\t\n\t\t\t\t\n\t\t\t\t<div class=\"et_pb_module et_d4_element et_pb_text et_pb_text_2  et_pb_text_align_left et_pb_bg_layout_light\">\n\t\t\t\t\n\t\t\t\t\n\t\t\t\t\n\t\t\t\t\n\t\t\t\t<div class=\"et_pb_text_inner\"><h2 style=\"text-align: left;\">\u00a1El sistema de calefacci\u00f3n ligeramente diferente con carbono!<\/h2>\n<p>El panel calefactor el\u00e9ctrico, extremadamente fino, de s\u00f3lo 0,4 mm de grosor, se pega a la pared o al techo como si fuera papel pintado. Esto es muy f\u00e1cil con un buen adhesivo. Gracias a la laminaci\u00f3n de vell\u00f3n en toda la superficie del tejido, la banda calefactora tambi\u00e9n se puede nivelar en la superficie con un enlucido fino convencional.  <\/p>\n<p>Tras la instalaci\u00f3n, el tejido calefactor puede rellenarse con un enlucido est\u00e1ndar y entonces es invisible. Ahora puedes decorar la pared o el techo con papel pintado o pintura de tu elecci\u00f3n. Incluso en el ba\u00f1o o la cocina, no tienes por qu\u00e9 prescindir de un azulejo decorativo.<\/p>\n<h3>Calefacci\u00f3n de carbono \u00a1siempre con aislamiento!<\/h3>\n<p>Como ocurre con todos los sistemas de calefacci\u00f3n, independientemente de si calientas con bomba de calor, gas, gas\u00f3leo u otros sistemas, aqu\u00ed se aplica lo mismo: Un sistema de calefacci\u00f3n s\u00f3lo es econ\u00f3mico si las paredes y los techos tambi\u00e9n est\u00e1n \u00f3ptimamente aislados. Si el aislamiento es insuficiente, recomendamos utilizar nuestras placas aislantes Superwall. La superficie de calefacci\u00f3n aislada con nuestro Superpared garantiza una calefacci\u00f3n sin p\u00e9rdidas y un tiempo de respuesta r\u00e1pido de nuestra calefacci\u00f3n de carbono.   M\u00e1s informaci\u00f3n sobre el aislamiento con Superwall <a href=\"https:\/\/rebotherm.de\/es\/aislamiento-interior\/\" rel=\"noreferrer\">aqu\u00ed<\/a><\/p><\/div>\n\t\t\t<\/div>\n\t\t\t<\/div>\n\t\t\t\t\n\t\t\t\t\n\t\t\t\t\n\t\t\t\t\n\t\t\t<\/div>\n\t\t\t\t\n\t\t\t\t<div class=\"et_pb_bottom_inside_divider et-no-transition\"><\/div>\n\t\t\t<\/div><div class=\"et_d4_element et_pb_section et_pb_section_2 et_pb_with_background  et_pb_css_mix_blend_mode et_section_regular et_block_section\" >\n\t\t\t\t\n\t\t\t\t\n\t\t\t\t\n\t\t\t\t\n\t\t\t\t\n\t\t\t\t\n\t\t\t\t<div class=\"et_d4_element et_pb_row et_pb_row_3  et_pb_css_mix_blend_mode et_block_row\">\n\t\t\t\t<div class=\"et_d4_element et_pb_column_4_4 et_pb_column et_pb_column_6  et_pb_css_mix_blend_mode et-last-child et_block_column\">\n\t\t\t\t\n\t\t\t\t\n\t\t\t\t\n\t\t\t\t\n\t\t\t\t<div class=\"et_pb_module et_d4_element et_pb_text et_pb_text_3  et_pb_text_align_left et_pb_bg_layout_light\">\n\t\t\t\t\n\t\t\t\t\n\t\t\t\t\n\t\t\t\t\n\t\t\t\t<div class=\"et_pb_text_inner\"><h3 style=\"text-align: center;\">\u00c1mbitos de aplicaci\u00f3n de las l\u00e1minas calefactoras Rebotherm<\/h3><\/div>\n\t\t\t<\/div><div class=\"et_pb_module et_d4_element et_pb_blurb et_pb_blurb_0  et_pb_text_align_left  et_pb_blurb_position_left et_block_module et_pb_bg_layout_light et_pb_blurb_position_left_tablet et_pb_blurb_position_left_phone\">\n\t\t\t\t\n\t\t\t\t\n\t\t\t\t\n\t\t\t\t\n\t\t\t\t<div class=\"et_pb_blurb_content\">\n\t\t\t\t\t<div class=\"et_pb_main_blurb_image et_pb_css_mix_blend_mode\"><span class=\"et_pb_image_wrap\"><span class=\"et-waypoint et_pb_animation_top et_pb_animation_top_tablet et_pb_animation_top_phone et-pb-icon\">\ue052<\/span><\/span><\/div>\n\t\t\t\t\t<div class=\"et_pb_blurb_container\">\n\t\t\t\t\t\t\n\t\t\t\t\t\t<div class=\"et_pb_blurb_description\"><p><strong>Calefacci\u00f3n<\/strong> por suelo radiante: Una soluci\u00f3n ideal para la calefacci\u00f3n por suelo radiante, ya que puede instalarse directamente bajo el revestimiento del suelo.<\/p><\/div>\n\t\t\t\t\t<\/div>\n\t\t\t\t<\/div>\n\t\t\t<\/div><div class=\"et_pb_module et_d4_element et_pb_blurb et_pb_blurb_1  et_pb_text_align_left  et_pb_blurb_position_left et_block_module et_pb_bg_layout_light et_pb_blurb_position_left_tablet et_pb_blurb_position_left_phone\">\n\t\t\t\t\n\t\t\t\t\n\t\t\t\t\n\t\t\t\t\n\t\t\t\t<div class=\"et_pb_blurb_content\">\n\t\t\t\t\t<div class=\"et_pb_main_blurb_image et_pb_css_mix_blend_mode\"><span class=\"et_pb_image_wrap\"><span class=\"et-waypoint et_pb_animation_top et_pb_animation_top_tablet et_pb_animation_top_phone et-pb-icon\">\ue052<\/span><\/span><\/div>\n\t\t\t\t\t<div class=\"et_pb_blurb_container\">\n\t\t\t\t\t\t\n\t\t\t\t\t\t<div class=\"et_pb_blurb_description\"><p><strong>Calefacci\u00f3n mural<\/strong>: Adecuado para sistemas de calefacci\u00f3n mural, especialmente en habitaciones donde los radiadores convencionales interferir\u00edan.<\/p><\/div>\n\t\t\t\t\t<\/div>\n\t\t\t\t<\/div>\n\t\t\t<\/div><div class=\"et_pb_module et_d4_element et_pb_blurb et_pb_blurb_2  et_pb_text_align_left  et_pb_blurb_position_left et_block_module et_pb_bg_layout_light et_pb_blurb_position_left_tablet et_pb_blurb_position_left_phone\">\n\t\t\t\t\n\t\t\t\t\n\t\t\t\t\n\t\t\t\t\n\t\t\t\t<div class=\"et_pb_blurb_content\">\n\t\t\t\t\t<div class=\"et_pb_main_blurb_image et_pb_css_mix_blend_mode\"><span class=\"et_pb_image_wrap\"><span class=\"et-waypoint et_pb_animation_top et_pb_animation_top_tablet et_pb_animation_top_phone et-pb-icon\">\ue052<\/span><\/span><\/div>\n\t\t\t\t\t<div class=\"et_pb_blurb_container\">\n\t\t\t\t\t\t\n\t\t\t\t\t\t<div class=\"et_pb_blurb_description\"><p><strong>Calefacci\u00f3n<\/strong> de techo: Tambi\u00e9n se puede utilizar como calefacci\u00f3n de techo para calentar la habitaci\u00f3n uniformemente.<\/p><\/div>\n\t\t\t\t\t<\/div>\n\t\t\t\t<\/div>\n\t\t\t<\/div><div class=\"et_pb_module et_d4_element et_pb_blurb et_pb_blurb_3  et_pb_text_align_left  et_pb_blurb_position_left et_block_module et_pb_bg_layout_light et_pb_blurb_position_left_tablet et_pb_blurb_position_left_phone\">\n\t\t\t\t\n\t\t\t\t\n\t\t\t\t\n\t\t\t\t\n\t\t\t\t<div class=\"et_pb_blurb_content\">\n\t\t\t\t\t<div class=\"et_pb_main_blurb_image et_pb_css_mix_blend_mode\"><span class=\"et_pb_image_wrap\"><span class=\"et-waypoint et_pb_animation_top et_pb_animation_top_tablet et_pb_animation_top_phone et-pb-icon\">\ue052<\/span><\/span><\/div>\n\t\t\t\t\t<div class=\"et_pb_blurb_container\">\n\t\t\t\t\t\t\n\t\t\t\t\t\t<div class=\"et_pb_blurb_description\"><p><strong>Soluciones para habitaciones individuales<\/strong>: Pr\u00e1cticas para habitaciones individuales o zonas m\u00e1s peque\u00f1as en las que se necesita una fuente de calor adicional.<\/p><\/div>\n\t\t\t\t\t<\/div>\n\t\t\t\t<\/div>\n\t\t\t<\/div><div class=\"et_pb_module et_d4_element et_pb_blurb et_pb_blurb_4  et_pb_text_align_left  et_pb_blurb_position_left et_block_module et_pb_bg_layout_light et_pb_blurb_position_left_tablet et_pb_blurb_position_left_phone\">\n\t\t\t\t\n\t\t\t\t\n\t\t\t\t\n\t\t\t\t\n\t\t\t\t<div class=\"et_pb_blurb_content\">\n\t\t\t\t\t<div class=\"et_pb_main_blurb_image et_pb_css_mix_blend_mode\"><span class=\"et_pb_image_wrap\"><span class=\"et-waypoint et_pb_animation_top et_pb_animation_top_tablet et_pb_animation_top_phone et-pb-icon\">\ue052<\/span><\/span><\/div>\n\t\t\t\t\t<div class=\"et_pb_blurb_container\">\n\t\t\t\t\t\t\n\t\t\t\t\t\t<div class=\"et_pb_blurb_description\"><p><strong>Para toda la casa:<\/strong> Ideal para su uso en toda la casa, con la opci\u00f3n de control centralizado para una regulaci\u00f3n eficaz y c\u00f3moda de la temperatura.<\/p><\/div>\n\t\t\t\t\t<\/div>\n\t\t\t\t<\/div>\n\t\t\t<\/div><div class=\"et_pb_module et_d4_element et_pb_blurb et_pb_blurb_5  et_pb_text_align_left  et_pb_blurb_position_left et_block_module et_pb_bg_layout_light et_pb_blurb_position_left_tablet et_pb_blurb_position_left_phone\">\n\t\t\t\t\n\t\t\t\t\n\t\t\t\t\n\t\t\t\t\n\t\t\t\t<div class=\"et_pb_blurb_content\">\n\t\t\t\t\t<div class=\"et_pb_main_blurb_image et_pb_css_mix_blend_mode\"><span class=\"et_pb_image_wrap\"><span class=\"et-waypoint et_pb_animation_top et_pb_animation_top_tablet et_pb_animation_top_phone et-pb-icon\">\ue052<\/span><\/span><\/div>\n\t\t\t\t\t<div class=\"et_pb_blurb_container\">\n\t\t\t\t\t\t\n\t\t\t\t\t\t<div class=\"et_pb_blurb_description\"><p><strong>Modernizaciones<\/strong>: Para modernizaciones y transformaciones que complementen o mejoren una soluci\u00f3n de calefacci\u00f3n existente.<\/p><\/div>\n\t\t\t\t\t<\/div>\n\t\t\t\t<\/div>\n\t\t\t<\/div><div class=\"et_pb_module et_d4_element et_pb_blurb et_pb_blurb_6  et_pb_text_align_left  et_pb_blurb_position_left et_block_module et_pb_bg_layout_light et_pb_blurb_position_left_tablet et_pb_blurb_position_left_phone\">\n\t\t\t\t\n\t\t\t\t\n\t\t\t\t\n\t\t\t\t\n\t\t\t\t<div class=\"et_pb_blurb_content\">\n\t\t\t\t\t<div class=\"et_pb_main_blurb_image et_pb_css_mix_blend_mode\"><span class=\"et_pb_image_wrap\"><span class=\"et-waypoint et_pb_animation_top et_pb_animation_top_tablet et_pb_animation_top_phone et-pb-icon\">\ue052<\/span><\/span><\/div>\n\t\t\t\t\t<div class=\"et_pb_blurb_container\">\n\t\t\t\t\t\t\n\t\t\t\t\t\t<div class=\"et_pb_blurb_description\"><p>Edificios nuevos: Perfectamente adecuadas para edificios nuevos, ya que las superficies calefactoras pueden integrarse directamente en el dise\u00f1o del edificio e instalarse de forma \u00f3ptima en suelos, paredes o techos.<\/p><\/div>\n\t\t\t\t\t<\/div>\n\t\t\t\t<\/div>\n\t\t\t<\/div>\n\t\t\t<\/div>\n\t\t\t\t\n\t\t\t\t\n\t\t\t\t\n\t\t\t\t\n\t\t\t<\/div>\n\t\t\t\t\n\t\t\t\t\n\t\t\t<\/div><div class=\"et_d4_element et_pb_section et_pb_section_3 et_pb_with_background  et_pb_css_mix_blend_mode et_section_regular section_has_divider et_pb_bottom_divider et_pb_top_divider et_block_section\" >\n\t\t\t\t<div class=\"et_pb_top_inside_divider et-no-transition\"><\/div>\n\t\t\t\t\n\t\t\t\t\n\t\t\t\t\n\t\t\t\t\n\t\t\t\t\n\t\t\t\t<div class=\"et_d4_element et_pb_row et_pb_row_4  et_pb_css_mix_blend_mode et_block_row\">\n\t\t\t\t<div class=\"et_d4_element et_pb_column_4_4 et_pb_column et_pb_column_7  et_pb_css_mix_blend_mode et-last-child et_block_column\">\n\t\t\t\t\n\t\t\t\t\n\t\t\t\t\n\t\t\t\t\n\t\t\t\t<div class=\"et_pb_module et_d4_element et_pb_image et_pb_image_3\">\n\t\t\t\t\n\t\t\t\t\n\t\t\t\t\n\t\t\t\t\n\t\t\t\t<a href=\"https:\/\/rebotherm.de\/wp-content\/uploads\/2024\/07\/veranschaulichung-anschluss-heizfolie-und-schaltkasten-und-crimps.jpg\" class=\"et_pb_lightbox_image\" title=\"Ilustraci\u00f3n de la conexi\u00f3n de las l\u00e1minas calefactoras\"><span class=\"et_pb_image_wrap \"><img decoding=\"async\" width=\"1280\" height=\"720\" src=\"https:\/\/rebotherm.de\/wp-content\/uploads\/2024\/07\/veranschaulichung-anschluss-heizfolie-und-schaltkasten-und-crimps.jpg\" alt=\"Ilustraci\u00f3n de la conexi\u00f3n de las l\u00e1minas calefactoras\" title=\"ilustraci\u00f3n-conexi\u00f3n-calentador-y-caja-de-control-y-grilletes\" srcset=\"https:\/\/rebotherm.de\/wp-content\/uploads\/2024\/07\/veranschaulichung-anschluss-heizfolie-und-schaltkasten-und-crimps.jpg 1280w, https:\/\/rebotherm.de\/wp-content\/uploads\/2024\/07\/veranschaulichung-anschluss-heizfolie-und-schaltkasten-und-crimps-980x551.jpg 980w, https:\/\/rebotherm.de\/wp-content\/uploads\/2024\/07\/veranschaulichung-anschluss-heizfolie-und-schaltkasten-und-crimps-480x270.jpg 480w\" sizes=\"(min-width: 0px) and (max-width: 480px) 480px, (min-width: 481px) and (max-width: 980px) 980px, (min-width: 981px) 1280px, 100vw\" class=\"wp-image-35224\" \/><\/span><\/a>\n\t\t\t<\/div>\n\t\t\t<\/div>\n\t\t\t\t\n\t\t\t\t\n\t\t\t\t\n\t\t\t\t\n\t\t\t<\/div><div class=\"et_d4_element et_pb_row et_pb_row_5  et_pb_css_mix_blend_mode et_block_row\">\n\t\t\t\t<div class=\"et_d4_element et_pb_column_1_2 et_pb_column et_pb_column_8  et_pb_css_mix_blend_mode et_block_column\">\n\t\t\t\t\n\t\t\t\t\n\t\t\t\t\n\t\t\t\t\n\t\t\t\t<div class=\"et_pb_module et_d4_element et_pb_text et_pb_text_4  et_pb_text_align_left et_pb_bg_layout_light\">\n\t\t\t\t\n\t\t\t\t\n\t\t\t\t\n\t\t\t\t\n\t\t\t\t<div class=\"et_pb_text_inner\"><h3><span>Instrucciones de procesamiento de las l\u00e1minas calefactoras Rebotherm<\/span><\/h3><\/div>\n\t\t\t<\/div><div class=\"et_pb_module et_d4_element et_pb_text et_pb_text_5  et_pb_text_align_left et_pb_bg_layout_light\">\n\t\t\t\t\n\t\t\t\t\n\t\t\t\t\n\t\t\t\t\n\t\t\t\t<div class=\"et_pb_text_inner\"><p><strong>Paso 1: Preparaci\u00f3n de la superficie<\/strong><\/p>\n<ul>\n<li><strong>Inspecci\u00f3n<\/strong>: La superficie a cubrir (pared, techo, suelo) debe ser firme, seca y estable. Hay que comprobarlo antes de pegarlo.<\/li>\n<\/ul>\n<p><strong>Paso 2: Pegar o aplicar la l\u00e1mina<\/strong><\/p>\n<p><strong><\/strong><\/p>\n<ul>\n<li><strong>Retira la pel\u00edcula protectora<\/strong>: Despega la pel\u00edcula protectora de la parte posterior de la l\u00e1mina calefactora para dejar al descubierto la cara adhesiva.<\/li>\n<li><strong>Para l\u00e1minas no autoadhesivas<\/strong>: Si la l\u00e1mina no es autoadhesiva, se recomienda fijar a la pared el lado con la cinta aislante de color cobre.<\/li>\n<li><strong>P\u00e9gala<\/strong>: Presiona la alfombrilla calefactora sobre la superficie deseada y despega continuamente el papel protector hasta que toda la alfombrilla est\u00e9 pegada. Aseg\u00farate de que no queden burbujas de aire atrapadas.<\/li>\n<\/ul>\n<ul>\n<li style=\"list-style-type: none;\">\n<\/li>\n<\/ul><\/div>\n\t\t\t<\/div>\n\t\t\t<\/div><div class=\"et_d4_element et_pb_column_1_2 et_pb_column et_pb_column_9  et_pb_css_mix_blend_mode et-last-child et_block_column\">\n\t\t\t\t\n\t\t\t\t\n\t\t\t\t\n\t\t\t\t\n\t\t\t\t<div class=\"et_pb_module et_d4_element et_pb_text et_pb_text_6  et_pb_text_align_left et_pb_bg_layout_light\">\n\t\t\t\t\n\t\t\t\t\n\t\t\t\t\n\t\t\t\t\n\t\t\t\t<div class=\"et_pb_text_inner\"><p><strong>Paso 3: Conectar los cables<\/strong><\/p>\n<ul>\n<li><strong>Prepara el cable<\/strong>: Coge las grapas de conexi\u00f3n y con\u00e9ctalas al cable que va desde la fuente de alimentaci\u00f3n de la caja de potencia hasta la superficie calefactora. El cable suele salir de la caja de distribuci\u00f3n, que suele estar en el lavadero o en una zona similar.<\/li>\n<li><strong>Coloca<\/strong> los engarces: Primero conecta el cable a los engarces. A continuaci\u00f3n, presiona los engarces sobre las tiras de cobre para asegurar una conexi\u00f3n firme. Utiliza los alicates de crimpar especialmente dise\u00f1ados para ello.<\/li>\n<\/ul>\n<p><strong>Paso 4: Conexi\u00f3n a la fuente de alimentaci\u00f3n<br \/><\/strong><\/p>\n<ul>\n<li><strong>Cableado<\/strong>: El cable se puede pasar por el rodapi\u00e9 o por detr\u00e1s de los muebles hasta conectarlo a la alfombrilla calefactora. Aseg\u00farate de que el cable se tiende de la forma m\u00e1s invisible posible.<\/li>\n<\/ul>\n<p><strong>Paso 5: Finalizaci\u00f3n<\/strong><\/p>\n<ul>\n<li style=\"list-style-type: none;\">\n<ul>\n<li><strong>Cubre la superficie<\/strong>: Cubre la superficie calefactora con el revestimiento de suelo que desees (moqueta, parqu\u00e9, laminado, baldosas) o f\u00edjala a la pared y al techo para hacerla invisible.<\/li>\n<\/ul>\n<\/li>\n<\/ul><\/div>\n\t\t\t<\/div>\n\t\t\t<\/div>\n\t\t\t\t\n\t\t\t\t\n\t\t\t\t\n\t\t\t\t\n\t\t\t<\/div><div class=\"et_d4_element et_pb_row et_pb_row_6  et_pb_css_mix_blend_mode et_block_row\">\n\t\t\t\t<div class=\"et_d4_element et_pb_column_4_4 et_pb_column et_pb_column_10  et_pb_css_mix_blend_mode et-last-child et_block_column\">\n\t\t\t\t\n\t\t\t\t\n\t\t\t\t\n\t\t\t\t\n\t\t\t\t<div class=\"et_pb_button_module_wrapper et_pb_button_1_wrapper et_pb_button_alignment_center et_pb_module \">\n\t\t\t\t<a class=\"et_pb_button et_d4_element et_pb_button_1 et_pb_bg_layout_light et_block_module\" href=\"https:\/\/rebotherm.de\/wp-content\/uploads\/2024\/06\/Montageanleitung-REBOHEAT-CARBON.pdf\">Descargar instrucciones<\/a>\n\t\t\t<\/div>\n\t\t\t<\/div>\n\t\t\t\t\n\t\t\t\t\n\t\t\t\t\n\t\t\t\t\n\t\t\t<\/div>\n\t\t\t\t\n\t\t\t\t<div class=\"et_pb_bottom_inside_divider et-no-transition\"><\/div>\n\t\t\t<\/div><div class=\"et_d4_element et_pb_section et_pb_section_4 et_pb_with_background  et_pb_css_mix_blend_mode et_section_regular section_has_divider et_pb_bottom_divider et_pb_top_divider et_block_section\" >\n\t\t\t\t<div class=\"et_pb_top_inside_divider et-no-transition\"><\/div>\n\t\t\t\t\n\t\t\t\t\n\t\t\t\t\n\t\t\t\t\n\t\t\t\t\n\t\t\t\t<div class=\"et_d4_element et_pb_row et_pb_row_7  et_pb_css_mix_blend_mode et_block_row\">\n\t\t\t\t<div class=\"et_d4_element et_pb_column_1_2 et_pb_column et_pb_column_11  et_pb_css_mix_blend_mode et_block_column\">\n\t\t\t\t\n\t\t\t\t\n\t\t\t\t\n\t\t\t\t\n\t\t\t\t<div class=\"et_pb_module et_d4_element et_pb_text et_pb_text_7  et_pb_text_align_left et_pb_bg_layout_light\">\n\t\t\t\t\n\t\t\t\t\n\t\t\t\t\n\t\t\t\t\n\t\t\t\t<div class=\"et_pb_text_inner\"><h3><span>L\u00e1mina calefactora como calefacci\u00f3n de alfombras contra los pies fr\u00edos<\/span><\/h3>\n<p><span>Todos los a\u00f1os vuelve la estaci\u00f3n inc\u00f3moda, con lluvias y fr\u00edos desagradables. Vuelve a oscurecer pronto y todo el mundo se alegra de estar en la acogedora comodidad de su propia casa. \u00bfQu\u00e9 puede haber m\u00e1s agradable que sentarse en un sill\u00f3n a leer el peri\u00f3dico o ver una pel\u00edcula emocionante en la tele? Pero muy a menudo la comodidad se ve perturbada por los pies fr\u00edos. Y no hay nada m\u00e1s inc\u00f3modo que el fr\u00edo del suelo. A muchas personas les gustar\u00eda tener calefacci\u00f3n en los pies. Pero reequipar la calefacci\u00f3n por suelo radiante no s\u00f3lo es caro, sino que tambi\u00e9n lleva mucho tiempo.  <\/span><\/p>\n<p><span>Hemos pensado en ello y utilizamos nuestra <strong>l\u00e1mina<\/strong> calefactora <strong>como calefacci\u00f3n por suelo radiante.<\/strong> La l\u00e1mina calefactora de 1,5 m de largo y 90 cm de ancho se coloca bajo la alfombra junto con una pel\u00edcula aislante. La estera calefactora y la l\u00e1mina aislante s\u00f3lo tienen 3 mm de grosor en total, \u00a1y son invisibles bajo la alfombra! A continuaci\u00f3n, conecta la fuente de alimentaci\u00f3n y enciende la nueva calefacci\u00f3n de moqueta con el mando a distancia. A unos acogedores 38 \u00b0C en pocos minutos y: <strong>\u00a1Adi\u00f3s a los pies fr\u00edos!<\/strong> El calentador funciona con corriente continua de 48 voltios y s\u00f3lo consume 230 vatios de electricidad. Eso no son ni 5 c\u00e9ntimos por hora de coste de electricidad, \u00a1pero s\u00ed comodidad y pies calientes!<br \/><\/span><\/p><\/div>\n\t\t\t<\/div>\n\t\t\t<\/div><div class=\"et_d4_element et_pb_column_1_2 et_pb_column et_pb_column_12  et_pb_css_mix_blend_mode et-last-child et_block_column\">\n\t\t\t\t\n\t\t\t\t\n\t\t\t\t\n\t\t\t\t\n\t\t\t\t<div class=\"et_pb_module et_d4_element et_pb_image et_pb_image_4\">\n\t\t\t\t\n\t\t\t\t\n\t\t\t\t\n\t\t\t\t\n\t\t\t\t<span class=\"et_pb_image_wrap \"><img decoding=\"async\" width=\"400\" height=\"600\" src=\"https:\/\/rebotherm.de\/wp-content\/uploads\/2024\/05\/heizfolie-gegen-kalte-fuesse-rebotherm.png\" alt=\"l\u00e1mina calefactora contra los pies fr\u00edos\" title=\"l\u00e1mina-calefactora-contra-pies-coldados-rebotherm\" srcset=\"https:\/\/rebotherm.de\/wp-content\/uploads\/2024\/05\/heizfolie-gegen-kalte-fuesse-rebotherm.png 400w, https:\/\/rebotherm.de\/wp-content\/uploads\/2024\/05\/heizfolie-gegen-kalte-fuesse-rebotherm-200x300.png 200w, https:\/\/rebotherm.de\/wp-content\/uploads\/2024\/05\/heizfolie-gegen-kalte-fuesse-rebotherm-100x150.png 100w\" sizes=\"(max-width: 400px) 100vw, 400px\" class=\"wp-image-27475\" \/><\/span>\n\t\t\t<\/div>\n\t\t\t<\/div>\n\t\t\t\t\n\t\t\t\t\n\t\t\t\t\n\t\t\t\t\n\t\t\t<\/div><div class=\"et_d4_element et_pb_row et_pb_row_8  et_pb_css_mix_blend_mode et_block_row\">\n\t\t\t\t<div class=\"et_d4_element et_pb_column_4_4 et_pb_column et_pb_column_13  et_pb_css_mix_blend_mode et-last-child et_block_column\">\n\t\t\t\t\n\t\t\t\t\n\t\t\t\t\n\t\t\t\t\n\t\t\t\t<div class=\"et_pb_button_module_wrapper et_pb_button_2_wrapper  et_pb_module \">\n\t\t\t\t<a class=\"et_pb_button et_d4_element et_pb_button_2 et_pb_bg_layout_light et_block_module\" href=\"https:\/\/rebotherm.de\/es\/calefaccion-de-alfombras-contra-los-pies-frios-2024\/\">M\u00e1s sobre la calefacci\u00f3n de moquetas<\/a>\n\t\t\t<\/div>\n\t\t\t<\/div>\n\t\t\t\t\n\t\t\t\t\n\t\t\t\t\n\t\t\t\t\n\t\t\t<\/div>\n\t\t\t\t\n\t\t\t\t<div class=\"et_pb_bottom_inside_divider et-no-transition\"><\/div>\n\t\t\t<\/div><div class=\"et_d4_element et_pb_section et_pb_section_5 et_pb_with_background  et_pb_css_mix_blend_mode et_section_regular et_block_section\" >\n\t\t\t\t\n\t\t\t\t\n\t\t\t\t\n\t\t\t\t\n\t\t\t\t\n\t\t\t\t\n\t\t\t\t<div class=\"et_pb_with_border et_d4_element et_pb_row et_pb_row_9  et_pb_css_mix_blend_mode et_block_row\">\n\t\t\t\t<div class=\"et_d4_element et_pb_column_4_4 et_pb_column et_pb_column_14  et_pb_css_mix_blend_mode et-last-child et_block_column\">\n\t\t\t\t\n\t\t\t\t\n\t\t\t\t\n\t\t\t\t\n\t\t\t\t<div class=\"et_pb_module et_d4_element et_pb_slider et_pb_slider_0 et_pb_slider_fullwidth_off\">\n\t\t\t\t<div class=\"et_pb_slides\">\n\t\t\t\t\t<div class=\"et_d4_element et_pb_slide et_pb_slide_0  et_pb_css_mix_blend_mode et_pb_bg_layout_dark et_pb_media_alignment_center et-pb-active-slide\" data-slide-id=\"et_pb_slide_0\">\n\t\t\t\t\n\t\t\t\t\n\t\t\t\t<div class=\"et_pb_container clearfix\">\n\t\t\t\t\t<div class=\"et_pb_slider_container_inner\">\n\t\t\t\t\t\t\n\t\t\t\t\t\t<div class=\"et_pb_slide_description\">\n\t\t\t\t\t\t\t<h2 class=\"et_pb_slide_title\">Confortable calefacci\u00f3n por suelo radiante<\/h2><div class=\"et_pb_slide_content\"><h4> <\/h4>\n<p>Gracias a su reducida altura de instalaci\u00f3n de s\u00f3lo 0,5 mm, la calefacci\u00f3n por suelo radiante de l\u00e1minas calefactoras es ideal para renovar edificios antiguos y para planificar y dise\u00f1ar edificios nuevos. En las zonas habitables, como salones, comedores, dormitorios, habitaciones infantiles y pasillos, la superficie se calienta a partir de ahora a un m\u00e1ximo de 30 \u00b0C. La calefacci\u00f3n por suelo radiante se ha convertido en un sistema de calefacci\u00f3n muy popular en el hogar gracias a la distribuci\u00f3n uniforme y extensa del calor en la habitaci\u00f3n. Nuestro sistema funciona de forma similar a un sistema tradicional de calentamiento de agua caliente, pero es mucho m\u00e1s f\u00e1cil y barato de instalar.<\/p><\/div>\n\t\t\t\t\t\t\t\n\t\t\t\t\t\t<\/div>\n\t\t\t\t\t<\/div>\n\t\t\t\t<\/div>\n\t\t\t\t\n\t\t\t\t\n\t\t\t\t\n\t\t\t<\/div>\n\t\t\t\n\t\t\t\t<\/div>\n\t\t\t\t\n\t\t\t<\/div>\n\t\t\t\n\t\t\t<\/div>\n\t\t\t\t\n\t\t\t\t\n\t\t\t\t\n\t\t\t\t\n\t\t\t<\/div>\n\t\t\t\t\n\t\t\t\t\n\t\t\t<\/div><\/p>\n","protected":false},"excerpt":{"rendered":"","protected":false},"author":1,"featured_media":0,"parent":0,"menu_order":0,"comment_status":"closed","ping_status":"closed","template":"","meta":{"_acf_changed":false,"_et_pb_use_builder":"on","_et_pb_old_content":"","_et_gb_content_width":"","footnotes":""},"class_list":["post-28649","page","type-page","status-publish","hentry"],"acf":[],"_links":{"self":[{"href":"https:\/\/rebotherm.de\/es\/wp-json\/wp\/v2\/pages\/28649","targetHints":{"allow":["GET"]}}],"collection":[{"href":"https:\/\/rebotherm.de\/es\/wp-json\/wp\/v2\/pages"}],"about":[{"href":"https:\/\/rebotherm.de\/es\/wp-json\/wp\/v2\/types\/page"}],"author":[{"embeddable":true,"href":"https:\/\/rebotherm.de\/es\/wp-json\/wp\/v2\/users\/1"}],"replies":[{"embeddable":true,"href":"https:\/\/rebotherm.de\/es\/wp-json\/wp\/v2\/comments?post=28649"}],"version-history":[{"count":0,"href":"https:\/\/rebotherm.de\/es\/wp-json\/wp\/v2\/pages\/28649\/revisions"}],"wp:attachment":[{"href":"https:\/\/rebotherm.de\/es\/wp-json\/wp\/v2\/media?parent=28649"}],"curies":[{"name":"wp","href":"https:\/\/api.w.org\/{rel}","templated":true}]}}