{"id":28232,"date":"2020-04-12T15:59:56","date_gmt":"2020-04-12T13:59:56","guid":{"rendered":"https:\/\/rebotherm.de\/actualites\/"},"modified":"2026-02-27T17:11:10","modified_gmt":"2026-02-27T16:11:10","slug":"actualites","status":"publish","type":"page","link":"https:\/\/rebotherm.de\/fr\/actualites\/","title":{"rendered":"Actualit\u00e9s"},"content":{"rendered":"<p><div class=\"et_d4_element et_pb_section et_pb_section_0  et_pb_css_mix_blend_mode et_section_regular section_has_divider et_pb_bottom_divider et_block_section\" >\n\t\t\t\t\n\t\t\t\t\n\t\t\t\t\n\t\t\t\t\n\t\t\t\t\n\t\t\t\t\n\t\t\t\t<div class=\"et_d4_element et_pb_row et_pb_row_0  et_pb_css_mix_blend_mode et_block_row\">\n\t\t\t\t<div class=\"et_d4_element et_pb_column_4_4 et_pb_column et_pb_column_0  et_pb_css_mix_blend_mode et-last-child et_block_column\">\n\t\t\t\t\n\t\t\t\t\n\t\t\t\t\n\t\t\t\t\n\t\t\t\t<div class=\"et_pb_module et_d4_element et_pb_text et_pb_text_0  et_pb_text_align_left et_pb_bg_layout_light\">\n\t\t\t\t\n\t\t\t\t\n\t\t\t\t\n\t\t\t\t\n\t\t\t\t<div class=\"et_pb_text_inner\"><h1 style=\"text-align: center;\">Actualit\u00e9s Rebotherm<\/h1>\n<p style=\"text-align: center;\">Vous trouverez ici des nouvelles int\u00e9ressantes et tout ce qu'il faut savoir sur le chauffage infrarouge au carbone. Nous mettons r\u00e9guli\u00e8rement \u00e0 jour les informations importantes sur l'isolation int\u00e9rieure.<\/p><\/div>\n\t\t\t<\/div>\n\t\t\t<\/div>\n\t\t\t\t\n\t\t\t\t\n\t\t\t\t\n\t\t\t\t\n\t\t\t<\/div>\n\t\t\t\t\n\t\t\t\t<div class=\"et_pb_bottom_inside_divider et-no-transition\"><\/div>\n\t\t\t<\/div><div class=\"et_d4_element et_pb_section et_pb_section_1  et_pb_css_mix_blend_mode et_section_regular et_block_section\" >\n\t\t\t\t\n\t\t\t\t\n\t\t\t\t\n\t\t\t\t\n\t\t\t\t\n\t\t\t\t\n\t\t\t\t<div class=\"et_d4_element et_pb_row et_pb_row_1  et_pb_css_mix_blend_mode et_block_row\">\n\t\t\t\t<div class=\"et_d4_element et_pb_column_4_4 et_pb_column et_pb_column_1  et_pb_css_mix_blend_mode et-last-child et_block_column\">\n\t\t\t\t\n\t\t\t\t\n\t\t\t\t\n\t\t\t\t\n\t\t\t\t<div class=\"et_pb_with_border et_pb_module et_d4_element et_pb_blog_0 et_animated  et_pb_css_mix_blend_mode et_pb_blog_grid_wrapper et_pb_bg_layout_light\">\n\t\t\t\t\t<div class=\"et_pb_blog_grid clearfix \">\n\t\t\t\t\t\n\t\t\t\t\t\n\t\t\t\t\t\n\t\t\t\t\t\n\t\t\t\t\t<div class=\"et_pb_ajax_pagination_container\">\n\t\t\t\t\t\t<div class=\"et_pb_salvattore_content\" data-columns>\n\t\t\t<article id=\"post-38657\" class=\"et_pb_post clearfix et_pb_no_thumb et_pb_has_overlay et_pb_blog_item_0_0 post-38657 post type-post status-publish format-standard hentry category-chauffage-au-carbone category-non-classifiee\">\n\n\t\t\t\t\n\t\t\t\t\t\t\t\t\t\t\t\t\t\t<h2 class=\"entry-title\">\n\t\t\t\t\t\t\t\t\t\t\t\t\t<a href=\"https:\/\/rebotherm.de\/fr\/green-steel-home-une-maison-innovante-avec-chauffage-au-carbone\/\">Green Steel Home \u2013 Une maison innovante avec chauffage au carbone<\/a>\n\t\t\t\t\t\t\t\t\t\t\t<\/h2>\n\t\t\t\t\n\t\t\t\t\t<p class=\"post-meta\">par <span class=\"author vcard\"><a href=\"https:\/\/rebotherm.de\/fr\/author\/udohamburg12\/\" title=\"Articles par Udo Reifschl\u00e4ger\" rel=\"author\">Udo Reifschl\u00e4ger<\/a><\/span> | <span class=\"published\">20. Juil 2025<\/span><\/p><div class=\"post-content\"><div class=\"post-content-inner et_multi_view_hidden\"><p>Notre partenaire Green Steel Home propose une maison d'un nouveau genre, \u00e9conome en \u00e9nergie, qui repose enti\u00e8rement sur des mat\u00e9riaux durables et une technologie innovante.En combinaison avec notre syst\u00e8me de chauffage au carbone ultramoderne, il en r\u00e9sulte un concept...<\/p>\n<\/div><a href=\"https:\/\/rebotherm.de\/fr\/green-steel-home-une-maison-innovante-avec-chauffage-au-carbone\/\" class=\"more-link\">lire plus<\/a><\/div>\t\t\t\n\t\t\t<\/article>\n\t\t\t\t\n\t\t\t<article id=\"post-28377\" class=\"et_pb_post clearfix et_pb_has_overlay et_pb_blog_item_0_1 post-28377 post type-post status-publish format-standard has-post-thumbnail hentry category-isolation tag-panneau-isolant\">\n\n\t\t\t\t<div class=\"et_pb_image_container\"><a href=\"https:\/\/rebotherm.de\/fr\/isoler-le-logement\/\" class=\"entry-featured-image-url\"><img decoding=\"async\" src=\"https:\/\/rebotherm.de\/wp-content\/uploads\/2023\/12\/Aerogel-Matte-400x250.jpg\" alt=\"Isoler son logement avec de l&rsquo;a\u00e9rogel\" class=\"\" srcset=\"https:\/\/rebotherm.de\/wp-content\/uploads\/2023\/12\/Aerogel-Matte.jpg 479w, https:\/\/rebotherm.de\/wp-content\/uploads\/2023\/12\/Aerogel-Matte-400x250.jpg 480w \" sizes=\"(max-width:479px) 479px, 100vw \" width=\"400\" height=\"250\" title=\"\"><span class=\"et_overlay et_pb_inline_icon\" data-icon=\"\ue07e\"><\/span><\/a><\/div>\n\t\t\t\t\t\t\t\t\t\t\t\t\t\t<h2 class=\"entry-title\">\n\t\t\t\t\t\t\t\t\t\t\t\t\t<a href=\"https:\/\/rebotherm.de\/fr\/isoler-le-logement\/\">Isoler son logement avec de l&rsquo;a\u00e9rogel<\/a>\n\t\t\t\t\t\t\t\t\t\t\t<\/h2>\n\t\t\t\t\n\t\t\t\t\t<p class=\"post-meta\">par <span class=\"author vcard\"><a href=\"https:\/\/rebotherm.de\/fr\/author\/udohamburg12\/\" title=\"Articles par Udo Reifschl\u00e4ger\" rel=\"author\">Udo Reifschl\u00e4ger<\/a><\/span> | <span class=\"published\">7. Avr 2024<\/span><\/p><div class=\"post-content\"><div class=\"post-content-inner et_multi_view_hidden\"><p>Isoler son logement avec Aerogel ! Une isolation thermique efficace pour votre maison Le site Isoler son logement avec de l'a\u00e9rogel est une m\u00e9thode avanc\u00e9e pour isoler efficacement votre maison. Voici quelques informations importantes : Qu'est-ce que l'a\u00e9rogel ?...<\/p>\n<\/div><a href=\"https:\/\/rebotherm.de\/fr\/isoler-le-logement\/\" class=\"more-link\">lire plus<\/a><\/div>\t\t\t\n\t\t\t<\/article>\n\t\t\t\t\n\t\t\t<article id=\"post-28304\" class=\"et_pb_post clearfix et_pb_has_overlay et_pb_blog_item_0_2 post-28304 post type-post status-publish format-standard has-post-thumbnail hentry category-isolation\">\n\n\t\t\t\t<div class=\"et_pb_image_container\"><a href=\"https:\/\/rebotherm.de\/fr\/reduire-le-prix-de-lenergie-avec-lisolation-interieure\/\" class=\"entry-featured-image-url\"><img decoding=\"async\" src=\"https:\/\/rebotherm.de\/wp-content\/uploads\/2021\/10\/Energiesparen-mit-Innendaemmung-400x250.jpg\" alt=\"R\u00e9duire le prix de l&rsquo;\u00e9nergie avec l&rsquo;isolation int\u00e9rieure\" class=\"\" srcset=\"https:\/\/rebotherm.de\/wp-content\/uploads\/2021\/10\/Energiesparen-mit-Innendaemmung.jpg 479w, https:\/\/rebotherm.de\/wp-content\/uploads\/2021\/10\/Energiesparen-mit-Innendaemmung-400x250.jpg 480w \" sizes=\"(max-width:479px) 479px, 100vw \" width=\"400\" height=\"250\" title=\"\"><span class=\"et_overlay et_pb_inline_icon\" data-icon=\"\ue07e\"><\/span><\/a><\/div>\n\t\t\t\t\t\t\t\t\t\t\t\t\t\t<h2 class=\"entry-title\">\n\t\t\t\t\t\t\t\t\t\t\t\t\t<a href=\"https:\/\/rebotherm.de\/fr\/reduire-le-prix-de-lenergie-avec-lisolation-interieure\/\">R\u00e9duire le prix de l&rsquo;\u00e9nergie avec l&rsquo;isolation int\u00e9rieure<\/a>\n\t\t\t\t\t\t\t\t\t\t\t<\/h2>\n\t\t\t\t\n\t\t\t\t\t<p class=\"post-meta\">par <span class=\"author vcard\"><a href=\"https:\/\/rebotherm.de\/fr\/author\/udohamburg12\/\" title=\"Articles par Udo Reifschl\u00e4ger\" rel=\"author\">Udo Reifschl\u00e4ger<\/a><\/span> | <span class=\"published\">31. Oct 2021<\/span><\/p><div class=\"post-content\"><div class=\"post-content-inner et_multi_view_hidden\"><p>R\u00e9duire le prix de l'\u00e9nergie avec l'isolation int\u00e9rieure ! \u00c9conomiser l'\u00e9nergie avec l'isolation expliqu\u00e9e simplement. Juste \u00e0 temps pour la saison sombre et froide, les prix du fioul et du gaz s'envolent. Le gaz naturel a augment\u00e9 de plus de 170,5 % et le p\u00e9trole de...<\/p>\n<\/div><a href=\"https:\/\/rebotherm.de\/fr\/reduire-le-prix-de-lenergie-avec-lisolation-interieure\/\" class=\"more-link\">lire plus<\/a><\/div>\t\t\t\n\t\t\t<\/article>\n\t\t\t\t\n\t\t\t<article id=\"post-28408\" class=\"et_pb_post clearfix et_pb_has_overlay et_pb_blog_item_0_3 post-28408 post type-post status-publish format-standard has-post-thumbnail hentry category-couleur-de-chauffage\">\n\n\t\t\t\t<div class=\"et_pb_image_container\"><a href=\"https:\/\/rebotherm.de\/fr\/economiser-avec-la-peinture-pour-le-chauffage\/\" class=\"entry-featured-image-url\"><img decoding=\"async\" src=\"https:\/\/rebotherm.de\/wp-content\/uploads\/2021\/01\/sparen-mit-Heizanstrich-400x250.jpg\" alt=\"\u00c9conomiser avec la peinture pour le chauffage\" class=\"\" srcset=\"https:\/\/rebotherm.de\/wp-content\/uploads\/2021\/01\/sparen-mit-Heizanstrich-scaled.jpg 479w, https:\/\/rebotherm.de\/wp-content\/uploads\/2021\/01\/sparen-mit-Heizanstrich-400x250.jpg 480w \" sizes=\"(max-width:479px) 479px, 100vw \" width=\"400\" height=\"250\" title=\"\"><span class=\"et_overlay et_pb_inline_icon\" data-icon=\"\ue07e\"><\/span><\/a><\/div>\n\t\t\t\t\t\t\t\t\t\t\t\t\t\t<h2 class=\"entry-title\">\n\t\t\t\t\t\t\t\t\t\t\t\t\t<a href=\"https:\/\/rebotherm.de\/fr\/economiser-avec-la-peinture-pour-le-chauffage\/\">\u00c9conomiser avec la peinture pour le chauffage<\/a>\n\t\t\t\t\t\t\t\t\t\t\t<\/h2>\n\t\t\t\t\n\t\t\t\t\t<p class=\"post-meta\">par <span class=\"author vcard\"><a href=\"https:\/\/rebotherm.de\/fr\/author\/udohamburg12\/\" title=\"Articles par Udo Reifschl\u00e4ger\" rel=\"author\">Udo Reifschl\u00e4ger<\/a><\/span> | <span class=\"published\">3. Jan 2021<\/span><\/p><div class=\"post-content\"><div class=\"post-content-inner et_multi_view_hidden\"><p>Faire des \u00e9conomies avec la peinture pour le chauffage n'est d\u00e9sormais plus un souhait, mais est devenu une r\u00e9alit\u00e9 gr\u00e2ce \u00e0 la nouvelle loi GEG (Geb\u00e4ude Energiegesetz). La nouvelle loi sur les \u00e9conomies d'\u00e9nergie et l'utilisation des \u00e9nergies renouvelables pour la...<\/p>\n<\/div><a href=\"https:\/\/rebotherm.de\/fr\/economiser-avec-la-peinture-pour-le-chauffage\/\" class=\"more-link\">lire plus<\/a><\/div>\t\t\t\n\t\t\t<\/article>\n\t\t\t\t\n\t\t\t<article id=\"post-28330\" class=\"et_pb_post clearfix et_pb_has_overlay et_pb_blog_item_0_4 post-28330 post type-post status-publish format-standard has-post-thumbnail hentry category-isolation tag-isolation-interieure tag-panneau-isolant tag-panneaux-disolation-interieure tag-pare-vapeur tag-renovation tag-superwall\">\n\n\t\t\t\t<div class=\"et_pb_image_container\"><a href=\"https:\/\/rebotherm.de\/fr\/renovation-avec-isolation\/\" class=\"entry-featured-image-url\"><img decoding=\"async\" src=\"https:\/\/rebotherm.de\/wp-content\/uploads\/2020\/09\/Superwall-2-400x250.jpg\" alt=\"R\u00e9novation avec isolation\" class=\"\" srcset=\"https:\/\/rebotherm.de\/wp-content\/uploads\/2020\/09\/Superwall-2.jpg 479w, https:\/\/rebotherm.de\/wp-content\/uploads\/2020\/09\/Superwall-2-400x250.jpg 480w \" sizes=\"(max-width:479px) 479px, 100vw \" width=\"400\" height=\"250\" title=\"\"><span class=\"et_overlay et_pb_inline_icon\" data-icon=\"\ue07e\"><\/span><\/a><\/div>\n\t\t\t\t\t\t\t\t\t\t\t\t\t\t<h2 class=\"entry-title\">\n\t\t\t\t\t\t\t\t\t\t\t\t\t<a href=\"https:\/\/rebotherm.de\/fr\/renovation-avec-isolation\/\">R\u00e9novation avec isolation<\/a>\n\t\t\t\t\t\t\t\t\t\t\t<\/h2>\n\t\t\t\t\n\t\t\t\t\t<p class=\"post-meta\">par <span class=\"author vcard\"><a href=\"https:\/\/rebotherm.de\/fr\/author\/udohamburg12\/\" title=\"Articles par Udo Reifschl\u00e4ger\" rel=\"author\">Udo Reifschl\u00e4ger<\/a><\/span> | <span class=\"published\">17. Oct 2020<\/span><\/p><div class=\"post-content\"><div class=\"post-content-inner et_multi_view_hidden\"><p>R\u00e9novation avec isolation expliqu\u00e9e simplement. Nous sommes entr\u00e9s dans la saison inconfortable des basses temp\u00e9ratures, de la pluie et de l'obscurit\u00e9 prolong\u00e9e. Qui ne se r\u00e9jouit pas d'avoir une maison confortable et surtout chaleureuse . Mais malheureusement, le...<\/p>\n<\/div><a href=\"https:\/\/rebotherm.de\/fr\/renovation-avec-isolation\/\" class=\"more-link\">lire plus<\/a><\/div>\t\t\t\n\t\t\t<\/article>\n\t\t\t\t\n\t\t\t<article id=\"post-28440\" class=\"et_pb_post clearfix et_pb_has_overlay et_pb_blog_item_0_5 post-28440 post type-post status-publish format-standard has-post-thumbnail hentry category-chauffage-au-carbone tag-chauffage-infrarouge tag-controle-de-la-temperature tag-nouveaute tag-peinture-chauffante-au-carbone-fr tag-telecommande\">\n\n\t\t\t\t<div class=\"et_pb_image_container\"><a href=\"https:\/\/rebotherm.de\/fr\/chauffage-infrarouge-nouveaute\/\" class=\"entry-featured-image-url\"><img decoding=\"async\" src=\"https:\/\/rebotherm.de\/wp-content\/uploads\/2020\/08\/Infrarotheizung-Carbon-400x250.jpg\" alt=\"Chauffage infrarouge Nouveaut\u00e9\" class=\"\" srcset=\"https:\/\/rebotherm.de\/wp-content\/uploads\/2020\/08\/Infrarotheizung-Carbon.jpg 479w, https:\/\/rebotherm.de\/wp-content\/uploads\/2020\/08\/Infrarotheizung-Carbon-400x250.jpg 480w \" sizes=\"(max-width:479px) 479px, 100vw \" width=\"400\" height=\"250\" title=\"\"><span class=\"et_overlay et_pb_inline_icon\" data-icon=\"\ue07e\"><\/span><\/a><\/div>\n\t\t\t\t\t\t\t\t\t\t\t\t\t\t<h2 class=\"entry-title\">\n\t\t\t\t\t\t\t\t\t\t\t\t\t<a href=\"https:\/\/rebotherm.de\/fr\/chauffage-infrarouge-nouveaute\/\">Chauffage infrarouge Nouveaut\u00e9<\/a>\n\t\t\t\t\t\t\t\t\t\t\t<\/h2>\n\t\t\t\t\n\t\t\t\t\t<p class=\"post-meta\">par <span class=\"author vcard\"><a href=\"https:\/\/rebotherm.de\/fr\/author\/udohamburg12\/\" title=\"Articles par Udo Reifschl\u00e4ger\" rel=\"author\">Udo Reifschl\u00e4ger<\/a><\/span> | <span class=\"published\">9. Ao\u00fbt 2020<\/span><\/p><div class=\"post-content\"><div class=\"post-content-inner et_multi_view_hidden\"><p>Chauffage infrarouge Nouveaut\u00e9 avec la chaleur confortable de la peinture chauffante au carbone. Notre nouveau chauffage infrarouge en forme de panneau avec un cadre en aluminium de couleur \u00e9l\u00e9gante, un r\u00e9glage de la temp\u00e9rature en continu et une t\u00e9l\u00e9commande. Ne p\u00e8se...<\/p>\n<\/div><a href=\"https:\/\/rebotherm.de\/fr\/chauffage-infrarouge-nouveaute\/\" class=\"more-link\">lire plus<\/a><\/div>\t\t\t\n\t\t\t<\/article>\n\t\t\t\t\n\t\t\t<article id=\"post-28375\" class=\"et_pb_post clearfix et_pb_has_overlay et_pb_blog_item_0_6 post-28375 post type-post status-publish format-standard has-post-thumbnail hentry category-assechement-des-murs-de-cave tag-assechement-des-murs-de-cave tag-chaleur-infrarouge tag-mur-de-cave-humide tag-mur-de-cave-humide-fr tag-peinture-chauffante-au-carbone-fr tag-sechage-des-murs\">\n\n\t\t\t\t<div class=\"et_pb_image_container\"><a href=\"https:\/\/rebotherm.de\/fr\/assechement-des-murs-de-cave\/\" class=\"entry-featured-image-url\"><img decoding=\"async\" src=\"https:\/\/rebotherm.de\/wp-content\/uploads\/2020\/07\/Kellerwand-Trocknung-mit-Carbon-Heizfarbe-min-400x250.jpg\" alt=\"Mur de cave Ass\u00e8chement avec peinture chauffante au carbone\" class=\"\" srcset=\"https:\/\/rebotherm.de\/wp-content\/uploads\/2020\/07\/Kellerwand-Trocknung-mit-Carbon-Heizfarbe-min.jpg 479w, https:\/\/rebotherm.de\/wp-content\/uploads\/2020\/07\/Kellerwand-Trocknung-mit-Carbon-Heizfarbe-min-400x250.jpg 480w \" sizes=\"(max-width:479px) 479px, 100vw \" width=\"400\" height=\"250\" title=\"\"><span class=\"et_overlay et_pb_inline_icon\" data-icon=\"\ue07e\"><\/span><\/a><\/div>\n\t\t\t\t\t\t\t\t\t\t\t\t\t\t<h2 class=\"entry-title\">\n\t\t\t\t\t\t\t\t\t\t\t\t\t<a href=\"https:\/\/rebotherm.de\/fr\/assechement-des-murs-de-cave\/\">Mur de cave Ass\u00e8chement avec peinture chauffante au carbone<\/a>\n\t\t\t\t\t\t\t\t\t\t\t<\/h2>\n\t\t\t\t\n\t\t\t\t\t<p class=\"post-meta\">par <span class=\"author vcard\"><a href=\"https:\/\/rebotherm.de\/fr\/author\/udohamburg12\/\" title=\"Articles par Udo Reifschl\u00e4ger\" rel=\"author\">Udo Reifschl\u00e4ger<\/a><\/span> | <span class=\"published\">26. Juil 2020<\/span><\/p><div class=\"post-content\"><div class=\"post-content-inner et_multi_view_hidden\"><p>La peinture chauffante au carbone pour l'ass\u00e8chement des murs de cave simplifie la r\u00e9novation des murs de cave humides en une seule couche ! Le chauffage infrarouge garantit de mani\u00e8re fiable une ma\u00e7onnerie s\u00e8che. Pas d'eau de l'ext\u00e9rieur, mur de la cave humide. Et...<\/p>\n<\/div><a href=\"https:\/\/rebotherm.de\/fr\/assechement-des-murs-de-cave\/\" class=\"more-link\">lire plus<\/a><\/div>\t\t\t\n\t\t\t<\/article>\n\t\t\t\t\n\t\t\t<article id=\"post-28298\" class=\"et_pb_post clearfix et_pb_has_overlay et_pb_blog_item_0_7 post-28298 post type-post status-publish format-standard has-post-thumbnail hentry category-couleur-de-chauffage tag-certificat-de-peinture-chauffante tag-peinture-chauffante-au-carbone\">\n\n\t\t\t\t<div class=\"et_pb_image_container\"><a href=\"https:\/\/rebotherm.de\/fr\/peinture-chauffante-avec-certificat-tuev\/\" class=\"entry-featured-image-url\"><img decoding=\"async\" src=\"https:\/\/rebotherm.de\/wp-content\/uploads\/2020\/04\/Laborfoto-TUeV-Heizfarbe-326x250.jpg\" alt=\"Peinture chauffante avec certificat T\u00dcV\" class=\"\" srcset=\"https:\/\/rebotherm.de\/wp-content\/uploads\/2020\/04\/Laborfoto-TUeV-Heizfarbe.jpg 479w, https:\/\/rebotherm.de\/wp-content\/uploads\/2020\/04\/Laborfoto-TUeV-Heizfarbe-326x250.jpg 480w \" sizes=\"(max-width:479px) 479px, 100vw \" width=\"400\" height=\"250\" title=\"\"><span class=\"et_overlay et_pb_inline_icon\" data-icon=\"\ue07e\"><\/span><\/a><\/div>\n\t\t\t\t\t\t\t\t\t\t\t\t\t\t<h2 class=\"entry-title\">\n\t\t\t\t\t\t\t\t\t\t\t\t\t<a href=\"https:\/\/rebotherm.de\/fr\/peinture-chauffante-avec-certificat-tuev\/\">Peinture chauffante avec certificat T\u00dcV<\/a>\n\t\t\t\t\t\t\t\t\t\t\t<\/h2>\n\t\t\t\t\n\t\t\t\t\t<p class=\"post-meta\">par <span class=\"author vcard\"><a href=\"https:\/\/rebotherm.de\/fr\/author\/udohamburg12\/\" title=\"Articles par Udo Reifschl\u00e4ger\" rel=\"author\">Udo Reifschl\u00e4ger<\/a><\/span> | <span class=\"published\">26. Avr 2020<\/span><\/p><div class=\"post-content\"><div class=\"post-content-inner et_multi_view_hidden\"><p>Peinture chauffante avec certificat T\u00dcV ! La premi\u00e8re peinture chauffante certifi\u00e9e par le T\u00dcV est d\u00e9sormais en service. Sur la base de notre longue exp\u00e9rience en mati\u00e8re de chauffage au carbone, nous avons deux couleurs de chauffage \u00e0 appliquer. Les couleurs haut de...<\/p>\n<\/div><a href=\"https:\/\/rebotherm.de\/fr\/peinture-chauffante-avec-certificat-tuev\/\" class=\"more-link\">lire plus<\/a><\/div>\t\t\t\n\t\t\t<\/article>\n\t\t\t\t<\/div>\n\t\t\t\t\t<\/div>\n\t\t\t\t\t<\/div> \n\t\t\t\t<\/div>\n\t\t\t<\/div>\n\t\t\t\t\n\t\t\t\t\n\t\t\t\t\n\t\t\t\t\n\t\t\t<\/div>\n\t\t\t\t\n\t\t\t\t\n\t\t\t<\/div><\/p>\n","protected":false},"excerpt":{"rendered":"","protected":false},"author":1,"featured_media":0,"parent":0,"menu_order":0,"comment_status":"open","ping_status":"closed","template":"","meta":{"_acf_changed":false,"_et_pb_use_builder":"on","_et_pb_old_content":"","_et_gb_content_width":"","footnotes":""},"class_list":["post-28232","page","type-page","status-publish","hentry"],"acf":[],"_links":{"self":[{"href":"https:\/\/rebotherm.de\/fr\/wp-json\/wp\/v2\/pages\/28232","targetHints":{"allow":["GET"]}}],"collection":[{"href":"https:\/\/rebotherm.de\/fr\/wp-json\/wp\/v2\/pages"}],"about":[{"href":"https:\/\/rebotherm.de\/fr\/wp-json\/wp\/v2\/types\/page"}],"author":[{"embeddable":true,"href":"https:\/\/rebotherm.de\/fr\/wp-json\/wp\/v2\/users\/1"}],"replies":[{"embeddable":true,"href":"https:\/\/rebotherm.de\/fr\/wp-json\/wp\/v2\/comments?post=28232"}],"version-history":[{"count":0,"href":"https:\/\/rebotherm.de\/fr\/wp-json\/wp\/v2\/pages\/28232\/revisions"}],"wp:attachment":[{"href":"https:\/\/rebotherm.de\/fr\/wp-json\/wp\/v2\/media?parent=28232"}],"curies":[{"name":"wp","href":"https:\/\/api.w.org\/{rel}","templated":true}]}}